{"id":297,"date":"2024-05-31T05:07:27","date_gmt":"2024-05-31T05:07:27","guid":{"rendered":"https:\/\/coral-reindeer-219190.hostingersite.com\/?page_id=297"},"modified":"2025-03-21T20:40:29","modified_gmt":"2025-03-21T20:40:29","slug":"events","status":"publish","type":"page","link":"https:\/\/studiokappa.it\/test\/events\/","title":{"rendered":"Eventi"},"content":{"rendered":"\t\t<div data-elementor-type=\"wp-page\" data-elementor-id=\"297\" class=\"elementor elementor-297\" data-elementor-post-type=\"page\">\n\t\t\t\t<div class=\"elementor-element elementor-element-cf19465 e-flex e-con-boxed e-con e-parent\" data-id=\"cf19465\" data-element_type=\"container\" data-e-type=\"container\">\n\t\t\t\t\t<div class=\"e-con-inner\">\n\t\t<div class=\"elementor-element elementor-element-1535c0a e-flex e-con-boxed e-con e-child\" data-id=\"1535c0a\" data-element_type=\"container\" data-e-type=\"container\" data-settings=\"{&quot;background_background&quot;:&quot;classic&quot;}\">\n\t\t\t\t\t<div class=\"e-con-inner\">\n\t\t\t\t<div class=\"elementor-element elementor-element-fa6a273 elementor-widget elementor-widget-heading\" data-id=\"fa6a273\" data-element_type=\"widget\" data-e-type=\"widget\" data-widget_type=\"heading.default\">\n\t\t\t\t<div class=\"elementor-widget-container\">\n\t\t\t\t\t<h2 class=\"elementor-heading-title elementor-size-default\">TUTTI GLI EVENTI<\/h2>\t\t\t\t<\/div>\n\t\t\t\t<\/div>\n\t\t\t\t\t<\/div>\n\t\t\t\t<\/div>\n\t\t<div class=\"elementor-element elementor-element-cf52baf e-flex e-con-boxed e-con e-child\" data-id=\"cf52baf\" data-element_type=\"container\" data-e-type=\"container\" data-settings=\"{&quot;background_background&quot;:&quot;classic&quot;}\">\n\t\t\t\t\t<div class=\"e-con-inner\">\n\t\t\t\t<div class=\"elementor-element elementor-element-bbceee8 elementor-widget elementor-widget-etn-event\" data-id=\"bbceee8\" data-element_type=\"widget\" data-e-type=\"widget\" data-widget_type=\"etn-event.default\">\n\t\t\t\t<div class=\"elementor-widget-container\">\n\t\t\t\t\t<div class='etn-row etn-event-wrapper'>\n        <div class=\"etn-col-md-6 etn-col-lg-4\">\n        <div class=\"etn-event-item\">\n            <!-- thumbnail -->\n            <div class=\"etn-event-thumb\">\n                                    <a\n                        href=\"https:\/\/studiokappa.it\/test\/etn\/smascherare-i-meta-messaggi-dei-media\/\"\n                        aria-label=\"Eventi\"\n                    >\n                        <img decoding=\"async\" src=\"https:\/\/studiokappa.it\/test\/wp-content\/uploads\/2025\/03\/2025.11.21-SmascherareMedia-Rimini.jpg\" alt=\"Image\">\n                    <\/a>\n                \n                <div class=\"etn-event-category\">\n                    <span>Simone Deflorian<\/span>                 <\/div>\n                            <\/div>\n            <!-- thumbnail start-->\n\n            <!-- content start-->\n            <div class=\"etn-event-content\">\n                                                            <div class=\"etn-event-location\">\n                            <i class=\"etn-icon etn-location\"><\/i>\n                            Rimini                        <\/div>\n                    \n                \n                <h3 class=\"etn-title etn-event-title\"><a href=\"https:\/\/studiokappa.it\/test\/etn\/smascherare-i-meta-messaggi-dei-media\/\">\n                    Smascherare i Meta-Messaggi dei Media<\/a>\n                <\/h3>\n                                    <p>\n                        I media non sono neutri, comunicano qualcosa per qualche motivo. Quale? Perch\u00e9? Il momento storico che viviamo \u00e8 quello medico,                    <\/p>\n                \n                <div class=\"etn-event-footer\">\n                    <div class=\"etn-event-date\">\n                        \t\t\t<span>\n\t\t\t\t<i class=\"etn-icon etn-calendar\"><\/i>\n\t\t\t\t21 Novembre 2025\t\t\t<\/span>\n\t\t                    <\/div>\n                    <div class=\"etn-atend-btn\">\n                                                <a href=\"#\"  class=\"etn-btn etn-btn-border etn-event-expired\">Scaduto! <\/a>\n                                            <\/div>\n                <\/div>\n            <\/div>\n                        <!-- content end-->\n        <\/div>\n        <!-- etn event item end-->\n    <\/div>\n        <div class=\"etn-col-md-6 etn-col-lg-4\">\n        <div class=\"etn-event-item\">\n            <!-- thumbnail -->\n            <div class=\"etn-event-thumb\">\n                                    <a\n                        href=\"https:\/\/studiokappa.it\/test\/etn\/scuola-di-alta-formazione-per-maieuti-dolciani\/\"\n                        aria-label=\"Eventi\"\n                    >\n                        <img decoding=\"async\" src=\"https:\/\/studiokappa.it\/test\/wp-content\/uploads\/2025\/03\/2025.05.16-MaieutiDolciani-Bolzano-scaled.jpg\" alt=\"Image\">\n                    <\/a>\n                \n                <div class=\"etn-event-category\">\n                    <span>Simone Deflorian<\/span>                 <\/div>\n                            <\/div>\n            <!-- thumbnail start-->\n\n            <!-- content start-->\n            <div class=\"etn-event-content\">\n                                                            <div class=\"etn-event-location\">\n                            <i class=\"etn-icon etn-location\"><\/i>\n                            Bolzano                        <\/div>\n                    \n                \n                <h3 class=\"etn-title etn-event-title\"><a href=\"https:\/\/studiokappa.it\/test\/etn\/scuola-di-alta-formazione-per-maieuti-dolciani\/\">\n                    Scuola di Alta Formazione per Maieuti Dolciani<\/a>\n                <\/h3>\n                                    <p>\n                        Facilitare i Laboratori Maieutici di Danilo Dolci per l\u2019attivazione delle comunit\u00e0 Danilo Dolci ha aperto vie creative e pedagogiche di                    <\/p>\n                \n                <div class=\"etn-event-footer\">\n                    <div class=\"etn-event-date\">\n                        \t\t\t<span>\n\t\t\t\t<i class=\"etn-icon etn-calendar\"><\/i>\n\t\t\t\t24 Ottobre 2025\t\t\t<\/span>\n\t\t                    <\/div>\n                    <div class=\"etn-atend-btn\">\n                                                <a href=\"#\"  class=\"etn-btn etn-btn-border etn-event-expired\">Scaduto! <\/a>\n                                            <\/div>\n                <\/div>\n            <\/div>\n                        <!-- content end-->\n        <\/div>\n        <!-- etn event item end-->\n    <\/div>\n        <div class=\"etn-col-md-6 etn-col-lg-4\">\n        <div class=\"etn-event-item\">\n            <!-- thumbnail -->\n            <div class=\"etn-event-thumb\">\n                                    <a\n                        href=\"https:\/\/studiokappa.it\/test\/etn\/palpitare-di-nessi\/\"\n                        aria-label=\"Eventi\"\n                    >\n                        <img decoding=\"async\" src=\"https:\/\/studiokappa.it\/test\/wp-content\/uploads\/2025\/03\/2025.10.12-PalpitareNessi-Roma-scaled.jpg\" alt=\"Image\">\n                    <\/a>\n                \n                <div class=\"etn-event-category\">\n                    <span>Simone Deflorian<\/span>                 <\/div>\n                            <\/div>\n            <!-- thumbnail start-->\n\n            <!-- content start-->\n            <div class=\"etn-event-content\">\n                                                            <div class=\"etn-event-location\">\n                            <i class=\"etn-icon etn-location\"><\/i>\n                            Roma                        <\/div>\n                    \n                \n                <h3 class=\"etn-title etn-event-title\"><a href=\"https:\/\/studiokappa.it\/test\/etn\/palpitare-di-nessi\/\">\n                    Palpitare di Nessi<\/a>\n                <\/h3>\n                                    <p>\n                        Imparare a leggere di sistema gli avvenimenti presentati come scollegati tra loro Il training prende a prestito il titolo da                    <\/p>\n                \n                <div class=\"etn-event-footer\">\n                    <div class=\"etn-event-date\">\n                        \t\t\t<span>\n\t\t\t\t<i class=\"etn-icon etn-calendar\"><\/i>\n\t\t\t\t12 Ottobre 2025\t\t\t<\/span>\n\t\t                    <\/div>\n                    <div class=\"etn-atend-btn\">\n                                                <a href=\"#\"  class=\"etn-btn etn-btn-border etn-event-expired\">Scaduto! <\/a>\n                                            <\/div>\n                <\/div>\n            <\/div>\n                        <!-- content end-->\n        <\/div>\n        <!-- etn event item end-->\n    <\/div>\n        <div class=\"etn-col-md-6 etn-col-lg-4\">\n        <div class=\"etn-event-item\">\n            <!-- thumbnail -->\n            <div class=\"etn-event-thumb\">\n                                    <a\n                        href=\"https:\/\/studiokappa.it\/test\/etn\/scuola-di-alta-formazione-per-attivatori-di-comunita\/\"\n                        aria-label=\"Eventi\"\n                    >\n                        <img decoding=\"async\" src=\"https:\/\/studiokappa.it\/test\/wp-content\/uploads\/2025\/03\/2025.09.06-AttivatoriComunita-Asti-scaled.jpg\" alt=\"Image\">\n                    <\/a>\n                \n                <div class=\"etn-event-category\">\n                    <span>Simone Deflorian<\/span>                 <\/div>\n                            <\/div>\n            <!-- thumbnail start-->\n\n            <!-- content start-->\n            <div class=\"etn-event-content\">\n                                                            <div class=\"etn-event-location\">\n                            <i class=\"etn-icon etn-location\"><\/i>\n                            Asti                        <\/div>\n                    \n                \n                <h3 class=\"etn-title etn-event-title\"><a href=\"https:\/\/studiokappa.it\/test\/etn\/scuola-di-alta-formazione-per-attivatori-di-comunita\/\">\n                    Scuola di Alta Formazione per Attivatori di Comunit\u00e0<\/a>\n                <\/h3>\n                                    <p>\n                        Progettare e realizzare il processo di attivazione delle comunit\u00e0 con il metodo Freire Siamo in un momento storico in cui                    <\/p>\n                \n                <div class=\"etn-event-footer\">\n                    <div class=\"etn-event-date\">\n                        \t\t\t<span>\n\t\t\t\t<i class=\"etn-icon etn-calendar\"><\/i>\n\t\t\t\t06 Settembre 2025\t\t\t<\/span>\n\t\t                    <\/div>\n                    <div class=\"etn-atend-btn\">\n                                                <a href=\"#\"  class=\"etn-btn etn-btn-border etn-event-expired\">Scaduto! <\/a>\n                                            <\/div>\n                <\/div>\n            <\/div>\n                        <!-- content end-->\n        <\/div>\n        <!-- etn event item end-->\n    <\/div>\n        <div class=\"etn-col-md-6 etn-col-lg-4\">\n        <div class=\"etn-event-item\">\n            <!-- thumbnail -->\n            <div class=\"etn-event-thumb\">\n                                    <a\n                        href=\"https:\/\/studiokappa.it\/test\/etn\/rialfabetizzazione-analogica\/\"\n                        aria-label=\"Eventi\"\n                    >\n                        <img decoding=\"async\" src=\"https:\/\/studiokappa.it\/test\/wp-content\/uploads\/2025\/03\/2025.08.01-AnalfabetiAnalogici-Bellinzona.jpg\" alt=\"Image\">\n                    <\/a>\n                \n                <div class=\"etn-event-category\">\n                    <span>Simone Deflorian<\/span>                 <\/div>\n                            <\/div>\n            <!-- thumbnail start-->\n\n            <!-- content start-->\n            <div class=\"etn-event-content\">\n                                                            <div class=\"etn-event-location\">\n                            <i class=\"etn-icon etn-location\"><\/i>\n                            Bellinzona (Svizzera)                        <\/div>\n                    \n                \n                <h3 class=\"etn-title etn-event-title\"><a href=\"https:\/\/studiokappa.it\/test\/etn\/rialfabetizzazione-analogica\/\">\n                    Rialfabetizzazione Analogica<\/a>\n                <\/h3>\n                                    <p>\n                        Rialfabetizzarsi alla dimensione umana della vita viva Il processo di disumanizzazione in atto, mascherato da innovazione digitale, sta costruendo un                    <\/p>\n                \n                <div class=\"etn-event-footer\">\n                    <div class=\"etn-event-date\">\n                        \t\t\t<span>\n\t\t\t\t<i class=\"etn-icon etn-calendar\"><\/i>\n\t\t\t\t01 Agosto 2025\t\t\t<\/span>\n\t\t                    <\/div>\n                    <div class=\"etn-atend-btn\">\n                                                <a href=\"#\"  class=\"etn-btn etn-btn-border etn-event-expired\">Scaduto! <\/a>\n                                            <\/div>\n                <\/div>\n            <\/div>\n                        <!-- content end-->\n        <\/div>\n        <!-- etn event item end-->\n    <\/div>\n        <div class=\"etn-col-md-6 etn-col-lg-4\">\n        <div class=\"etn-event-item\">\n            <!-- thumbnail -->\n            <div class=\"etn-event-thumb\">\n                                    <a\n                        href=\"https:\/\/studiokappa.it\/test\/etn\/scuola-di-alta-formazione-in-esperti-nella-costruzione-partecipata-delle-politiche-pubbliche\/\"\n                        aria-label=\"Eventi\"\n                    >\n                        <img decoding=\"async\" src=\"https:\/\/studiokappa.it\/test\/wp-content\/uploads\/2025\/03\/2025.07.03-PolitichePubblichePartecipate-Trento-scaled.jpg\" alt=\"Image\">\n                    <\/a>\n                \n                <div class=\"etn-event-category\">\n                    <span>Simone Deflorian<\/span>                 <\/div>\n                            <\/div>\n            <!-- thumbnail start-->\n\n            <!-- content start-->\n            <div class=\"etn-event-content\">\n                                                            <div class=\"etn-event-location\">\n                            <i class=\"etn-icon etn-location\"><\/i>\n                            Trento                        <\/div>\n                    \n                \n                <h3 class=\"etn-title etn-event-title\"><a href=\"https:\/\/studiokappa.it\/test\/etn\/scuola-di-alta-formazione-in-esperti-nella-costruzione-partecipata-delle-politiche-pubbliche\/\">\n                    Scuola di Alta Formazione in Esperti nella Costruzione Partecipata delle Politiche Pubbliche<\/a>\n                <\/h3>\n                                    <p>\n                        Pianificare e guidare processi partecipati di costruzione delle politiche pubbliche con il territorio Costruire oggi politiche pubbliche significa superare la                    <\/p>\n                \n                <div class=\"etn-event-footer\">\n                    <div class=\"etn-event-date\">\n                        \t\t\t<span>\n\t\t\t\t<i class=\"etn-icon etn-calendar\"><\/i>\n\t\t\t\t03 Luglio 2025\t\t\t<\/span>\n\t\t                    <\/div>\n                    <div class=\"etn-atend-btn\">\n                                                <a href=\"#\"  class=\"etn-btn etn-btn-border etn-event-expired\">Scaduto! <\/a>\n                                            <\/div>\n                <\/div>\n            <\/div>\n                        <!-- content end-->\n        <\/div>\n        <!-- etn event item end-->\n    <\/div>\n        <div class=\"etn-col-md-6 etn-col-lg-4\">\n        <div class=\"etn-event-item\">\n            <!-- thumbnail -->\n            <div class=\"etn-event-thumb\">\n                                    <a\n                        href=\"https:\/\/studiokappa.it\/test\/etn\/democrazia-profonda\/\"\n                        aria-label=\"Eventi\"\n                    >\n                        <img decoding=\"async\" src=\"https:\/\/studiokappa.it\/test\/wp-content\/uploads\/2025\/03\/4ea82446-a3da-4c54-b3f6-bbdaf5bd4571.jpeg\" alt=\"Image\">\n                    <\/a>\n                \n                <div class=\"etn-event-category\">\n                    <span>Anna Zumbo<\/span>                 <\/div>\n                            <\/div>\n            <!-- thumbnail start-->\n\n            <!-- content start-->\n            <div class=\"etn-event-content\">\n                                                            <div class=\"etn-event-location\">\n                            <i class=\"etn-icon etn-location\"><\/i>\n                            Torino                        <\/div>\n                    \n                \n                <h3 class=\"etn-title etn-event-title\"><a href=\"https:\/\/studiokappa.it\/test\/etn\/democrazia-profonda\/\">\n                    Democrazia Profonda<\/a>\n                <\/h3>\n                                    <p>\n                        Riscoprire la democrazia dentro di s\u00e9 e nel modo di stare e fare con gli altri. Una nuova giornata laboratoriale,                    <\/p>\n                \n                <div class=\"etn-event-footer\">\n                    <div class=\"etn-event-date\">\n                        \t\t\t<span>\n\t\t\t\t<i class=\"etn-icon etn-calendar\"><\/i>\n\t\t\t\t08 Giugno 2025\t\t\t<\/span>\n\t\t                    <\/div>\n                    <div class=\"etn-atend-btn\">\n                                                <a href=\"#\"  class=\"etn-btn etn-btn-border etn-event-expired\">Scaduto! <\/a>\n                                            <\/div>\n                <\/div>\n            <\/div>\n                        <!-- content end-->\n        <\/div>\n        <!-- etn event item end-->\n    <\/div>\n        <div class=\"etn-col-md-6 etn-col-lg-4\">\n        <div class=\"etn-event-item\">\n            <!-- thumbnail -->\n            <div class=\"etn-event-thumb\">\n                                    <a\n                        href=\"https:\/\/studiokappa.it\/test\/etn\/scuola-di-alta-formazione-sulla-ricerca-azione-partecipata\/\"\n                        aria-label=\"Eventi\"\n                    >\n                        <img decoding=\"async\" src=\"https:\/\/studiokappa.it\/test\/wp-content\/uploads\/2025\/03\/2025.06.06-RAP-Trieste-scaled.jpg\" alt=\"Image\">\n                    <\/a>\n                \n                <div class=\"etn-event-category\">\n                    <span>Simone Deflorian<\/span>                 <\/div>\n                            <\/div>\n            <!-- thumbnail start-->\n\n            <!-- content start-->\n            <div class=\"etn-event-content\">\n                                                            <div class=\"etn-event-location\">\n                            <i class=\"etn-icon etn-location\"><\/i>\n                            Trieste                        <\/div>\n                    \n                \n                <h3 class=\"etn-title etn-event-title\"><a href=\"https:\/\/studiokappa.it\/test\/etn\/scuola-di-alta-formazione-sulla-ricerca-azione-partecipata\/\">\n                    Scuola di Alta Formazione sulla Ricerca-Azione-Partecipata<\/a>\n                <\/h3>\n                                    <p>\n                        Imparare a condurre una Ricerca-Azione-Partecipata sul territorio Durante le giornate formative della Scuola di Alta Formazione, si sperimenta direttamente in                    <\/p>\n                \n                <div class=\"etn-event-footer\">\n                    <div class=\"etn-event-date\">\n                        \t\t\t<span>\n\t\t\t\t<i class=\"etn-icon etn-calendar\"><\/i>\n\t\t\t\t06 Giugno 2025\t\t\t<\/span>\n\t\t                    <\/div>\n                    <div class=\"etn-atend-btn\">\n                                                <a href=\"#\"  class=\"etn-btn etn-btn-border etn-event-expired\">Scaduto! <\/a>\n                                            <\/div>\n                <\/div>\n            <\/div>\n                        <!-- content end-->\n        <\/div>\n        <!-- etn event item end-->\n    <\/div>\n        <div class=\"etn-col-md-6 etn-col-lg-4\">\n        <div class=\"etn-event-item\">\n            <!-- thumbnail -->\n            <div class=\"etn-event-thumb\">\n                                    <a\n                        href=\"https:\/\/studiokappa.it\/test\/etn\/quale-educazione-per-quale-democrazia\/\"\n                        aria-label=\"Eventi\"\n                    >\n                        <img decoding=\"async\" src=\"https:\/\/studiokappa.it\/test\/wp-content\/uploads\/2025\/03\/Quale-educazione-per-quale-democrazia.png\" alt=\"Image\">\n                    <\/a>\n                \n                <div class=\"etn-event-category\">\n                    <span>Anna Zumbo<\/span>                 <\/div>\n                            <\/div>\n            <!-- thumbnail start-->\n\n            <!-- content start-->\n            <div class=\"etn-event-content\">\n                                                            <div class=\"etn-event-location\">\n                            <i class=\"etn-icon etn-location\"><\/i>\n                            Rimini                        <\/div>\n                    \n                \n                <h3 class=\"etn-title etn-event-title\"><a href=\"https:\/\/studiokappa.it\/test\/etn\/quale-educazione-per-quale-democrazia\/\">\n                    Quale educazione per quale democrazia?<\/a>\n                <\/h3>\n                                    <p>\n                        Laboratorio esperienziale di democrazia profonda La fragilit\u00e0 della democrazia che osserviamo nel mondo intorno a noi ha un punto di                    <\/p>\n                \n                <div class=\"etn-event-footer\">\n                    <div class=\"etn-event-date\">\n                        \t\t\t<span>\n\t\t\t\t<i class=\"etn-icon etn-calendar\"><\/i>\n\t\t\t\t24 Maggio 2025\t\t\t<\/span>\n\t\t                    <\/div>\n                    <div class=\"etn-atend-btn\">\n                                                <a href=\"#\"  class=\"etn-btn etn-btn-border etn-event-expired\">Scaduto! <\/a>\n                                            <\/div>\n                <\/div>\n            <\/div>\n                        <!-- content end-->\n        <\/div>\n        <!-- etn event item end-->\n    <\/div>\n        <div class=\"etn-col-md-6 etn-col-lg-4\">\n        <div class=\"etn-event-item\">\n            <!-- thumbnail -->\n            <div class=\"etn-event-thumb\">\n                                    <a\n                        href=\"https:\/\/studiokappa.it\/test\/etn\/educare-alla-coscienza-critica-a-scuola\/\"\n                        aria-label=\"Eventi\"\n                    >\n                        <img decoding=\"async\" src=\"https:\/\/studiokappa.it\/test\/wp-content\/uploads\/2025\/03\/2025.05.12-CoscienzaCriticaScuola-Verona.jpg\" alt=\"Image\">\n                    <\/a>\n                \n                <div class=\"etn-event-category\">\n                    <span>Simone Deflorian<\/span>                 <\/div>\n                            <\/div>\n            <!-- thumbnail start-->\n\n            <!-- content start-->\n            <div class=\"etn-event-content\">\n                                                            <div class=\"etn-event-location\">\n                            <i class=\"etn-icon etn-location\"><\/i>\n                            Verona                        <\/div>\n                    \n                \n                <h3 class=\"etn-title etn-event-title\"><a href=\"https:\/\/studiokappa.it\/test\/etn\/educare-alla-coscienza-critica-a-scuola\/\">\n                    Educare alla Coscienza Critica a Scuola<\/a>\n                <\/h3>\n                                    <p>\n                        Approcci e strumenti per insegnanti ed educatori Viviamo in un momento storico in cui la normale dimensione etica del vivere                    <\/p>\n                \n                <div class=\"etn-event-footer\">\n                    <div class=\"etn-event-date\">\n                        \t\t\t<span>\n\t\t\t\t<i class=\"etn-icon etn-calendar\"><\/i>\n\t\t\t\t18 Maggio 2025\t\t\t<\/span>\n\t\t                    <\/div>\n                    <div class=\"etn-atend-btn\">\n                                                <a href=\"#\"  class=\"etn-btn etn-btn-border etn-event-expired\">Scaduto! <\/a>\n                                            <\/div>\n                <\/div>\n            <\/div>\n                        <!-- content end-->\n        <\/div>\n        <!-- etn event item end-->\n    <\/div>\n        <div class=\"etn-col-md-6 etn-col-lg-4\">\n        <div class=\"etn-event-item\">\n            <!-- thumbnail -->\n            <div class=\"etn-event-thumb\">\n                                    <a\n                        href=\"https:\/\/studiokappa.it\/test\/etn\/identita-e-razionalita-del-noi\/\"\n                        aria-label=\"Eventi\"\n                    >\n                        <img decoding=\"async\" src=\"https:\/\/studiokappa.it\/test\/wp-content\/uploads\/2025\/03\/IRNoi.jpg\" alt=\"Image\">\n                    <\/a>\n                \n                <div class=\"etn-event-category\">\n                    <span>Anna Zumbo<\/span>                 <\/div>\n                            <\/div>\n            <!-- thumbnail start-->\n\n            <!-- content start-->\n            <div class=\"etn-event-content\">\n                                                            <div class=\"etn-event-location\">\n                            <i class=\"etn-icon etn-location\"><\/i>\n                            Pavia                        <\/div>\n                    \n                \n                <h3 class=\"etn-title etn-event-title\"><a href=\"https:\/\/studiokappa.it\/test\/etn\/identita-e-razionalita-del-noi\/\">\n                    Identit\u00e0 e razionalit\u00e0 del noi<\/a>\n                <\/h3>\n                                    <p>\n                        Ruolo e competenze degli ETS per comunit\u00e0 aperte, coese potenti e generative Si tiene a Pavia il 18 e 19                    <\/p>\n                \n                <div class=\"etn-event-footer\">\n                    <div class=\"etn-event-date\">\n                        \t\t\t<span>\n\t\t\t\t<i class=\"etn-icon etn-calendar\"><\/i>\n\t\t\t\t18 Maggio 2025\t\t\t<\/span>\n\t\t                    <\/div>\n                    <div class=\"etn-atend-btn\">\n                                                <a href=\"#\"  class=\"etn-btn etn-btn-border etn-event-expired\">Scaduto! <\/a>\n                                            <\/div>\n                <\/div>\n            <\/div>\n                        <!-- content end-->\n        <\/div>\n        <!-- etn event item end-->\n    <\/div>\n        <div class=\"etn-col-md-6 etn-col-lg-4\">\n        <div class=\"etn-event-item\">\n            <!-- thumbnail -->\n            <div class=\"etn-event-thumb\">\n                                    <a\n                        href=\"https:\/\/studiokappa.it\/test\/etn\/comunita-coraggiose\/\"\n                        aria-label=\"Eventi\"\n                    >\n                        <img decoding=\"async\" src=\"https:\/\/studiokappa.it\/test\/wp-content\/uploads\/2025\/03\/2025.04.28-ComunitaCoraggiose-Firenze.jpg\" alt=\"Image\">\n                    <\/a>\n                \n                <div class=\"etn-event-category\">\n                    <span>Simone Deflorian<\/span>                 <\/div>\n                            <\/div>\n            <!-- thumbnail start-->\n\n            <!-- content start-->\n            <div class=\"etn-event-content\">\n                                                            <div class=\"etn-event-location\">\n                            <i class=\"etn-icon etn-location\"><\/i>\n                            Firenze                        <\/div>\n                    \n                \n                <h3 class=\"etn-title etn-event-title\"><a href=\"https:\/\/studiokappa.it\/test\/etn\/comunita-coraggiose\/\">\n                    Comunit\u00e0 Coraggiose<\/a>\n                <\/h3>\n                                    <p>\n                        Strumenti e approcci di leadership e membership rafforzanti e liberanti Lo storico processo di urbanizzazione ci porta a vivere soli                    <\/p>\n                \n                <div class=\"etn-event-footer\">\n                    <div class=\"etn-event-date\">\n                        \t\t\t<span>\n\t\t\t\t<i class=\"etn-icon etn-calendar\"><\/i>\n\t\t\t\t01 Maggio 2025\t\t\t<\/span>\n\t\t                    <\/div>\n                    <div class=\"etn-atend-btn\">\n                                                <a href=\"#\"  class=\"etn-btn etn-btn-border etn-event-expired\">Scaduto! <\/a>\n                                            <\/div>\n                <\/div>\n            <\/div>\n                        <!-- content end-->\n        <\/div>\n        <!-- etn event item end-->\n    <\/div>\n        <div class=\"etn-col-md-6 etn-col-lg-4\">\n        <div class=\"etn-event-item\">\n            <!-- thumbnail -->\n            <div class=\"etn-event-thumb\">\n                                    <a\n                        href=\"https:\/\/studiokappa.it\/test\/etn\/coltivare-comunita-semi-per-crescere-comunita-armoniose-inclusive-responsabili-e-generative-training\/\"\n                        aria-label=\"Eventi\"\n                    >\n                        <img decoding=\"async\" src=\"https:\/\/studiokappa.it\/test\/wp-content\/uploads\/2025\/03\/Adobe_Post_20220223_1253140.05206234026097456.jpg\" alt=\"Image\">\n                    <\/a>\n                \n                <div class=\"etn-event-category\">\n                    <span>Anna Zumbo<\/span>                 <\/div>\n                            <\/div>\n            <!-- thumbnail start-->\n\n            <!-- content start-->\n            <div class=\"etn-event-content\">\n                                                            <div class=\"etn-event-location\">\n                            <i class=\"etn-icon etn-location\"><\/i>\n                            Narzole (Cn)                        <\/div>\n                    \n                \n                <h3 class=\"etn-title etn-event-title\"><a href=\"https:\/\/studiokappa.it\/test\/etn\/coltivare-comunita-semi-per-crescere-comunita-armoniose-inclusive-responsabili-e-generative-training\/\">\n                    Coltivare Comunit\u00e0<\/a>\n                <\/h3>\n                                    <p>\n                        Semi per crescere comunit\u00e0 armoniose, inclusive, responsabili e generative\u00a0\u00a0 Ritorna nel Cuneese un nuovo percorso per sostenere i processi di                    <\/p>\n                \n                <div class=\"etn-event-footer\">\n                    <div class=\"etn-event-date\">\n                        \t\t\t<span>\n\t\t\t\t<i class=\"etn-icon etn-calendar\"><\/i>\n\t\t\t\t24 Aprile 2025\t\t\t<\/span>\n\t\t                    <\/div>\n                    <div class=\"etn-atend-btn\">\n                                                <a href=\"#\"  class=\"etn-btn etn-btn-border etn-event-expired\">Scaduto! <\/a>\n                                            <\/div>\n                <\/div>\n            <\/div>\n                        <!-- content end-->\n        <\/div>\n        <!-- etn event item end-->\n    <\/div>\n        <div class=\"etn-col-md-6 etn-col-lg-4\">\n        <div class=\"etn-event-item\">\n            <!-- thumbnail -->\n            <div class=\"etn-event-thumb\">\n                                    <a\n                        href=\"https:\/\/studiokappa.it\/test\/etn\/growing-communities-2\/\"\n                        aria-label=\"Eventi\"\n                    >\n                        <img decoding=\"async\" src=\"https:\/\/studiokappa.it\/test\/wp-content\/uploads\/2025\/03\/GC.png\" alt=\"Image\">\n                    <\/a>\n                \n                <div class=\"etn-event-category\">\n                    <span>Anna Zumbo<\/span>                 <\/div>\n                            <\/div>\n            <!-- thumbnail start-->\n\n            <!-- content start-->\n            <div class=\"etn-event-content\">\n                                                            <div class=\"etn-event-location\">\n                            <i class=\"etn-icon etn-location\"><\/i>\n                            Bologna                        <\/div>\n                    \n                \n                <h3 class=\"etn-title etn-event-title\"><a href=\"https:\/\/studiokappa.it\/test\/etn\/growing-communities-2\/\">\n                    Growing Communities<\/a>\n                <\/h3>\n                                    <p>\n                        Postura, metodologie e strumenti per la cura consapevole dello sviluppo di comunit\u00e0 Il Training, a cura di Anna Zumbo, si                    <\/p>\n                \n                <div class=\"etn-event-footer\">\n                    <div class=\"etn-event-date\">\n                        \t\t\t<span>\n\t\t\t\t<i class=\"etn-icon etn-calendar\"><\/i>\n\t\t\t\t22 Marzo 2025\t\t\t<\/span>\n\t\t                    <\/div>\n                    <div class=\"etn-atend-btn\">\n                                                <a href=\"#\"  class=\"etn-btn etn-btn-border etn-event-expired\">Scaduto! <\/a>\n                                            <\/div>\n                <\/div>\n            <\/div>\n                        <!-- content end-->\n        <\/div>\n        <!-- etn event item end-->\n    <\/div>\n        <div class=\"etn-col-md-6 etn-col-lg-4\">\n        <div class=\"etn-event-item\">\n            <!-- thumbnail -->\n            <div class=\"etn-event-thumb\">\n                                    <a\n                        href=\"https:\/\/studiokappa.it\/test\/etn\/la-co-progettazione-vision-driven-e-community-based\/\"\n                        aria-label=\"Eventi\"\n                    >\n                        <img decoding=\"async\" src=\"https:\/\/studiokappa.it\/test\/wp-content\/uploads\/2025\/03\/5a1e5ff9-0c68-4fb3-a2d0-68041d1c7369.jpeg\" alt=\"Image\">\n                    <\/a>\n                \n                <div class=\"etn-event-category\">\n                    <span>Anna Zumbo<\/span>                 <\/div>\n                            <\/div>\n            <!-- thumbnail start-->\n\n            <!-- content start-->\n            <div class=\"etn-event-content\">\n                                                            <div class=\"etn-event-location\">\n                            <i class=\"etn-icon etn-location\"><\/i>\n                            Cozzo (PV)                        <\/div>\n                    \n                \n                <h3 class=\"etn-title etn-event-title\"><a href=\"https:\/\/studiokappa.it\/test\/etn\/la-co-progettazione-vision-driven-e-community-based\/\">\n                    La co-progettazione vision driven<\/a>\n                <\/h3>\n                                    <p>\n                        Il Dragon Dreaming per disegnare progetti creativi e sostenibili che valorizzano l\u2019intelligenza collettiva e rafforzano il senso di comunit\u00e0 Il                    <\/p>\n                \n                <div class=\"etn-event-footer\">\n                    <div class=\"etn-event-date\">\n                        \t\t\t<span>\n\t\t\t\t<i class=\"etn-icon etn-calendar\"><\/i>\n\t\t\t\t02 Marzo 2025\t\t\t<\/span>\n\t\t                    <\/div>\n                    <div class=\"etn-atend-btn\">\n                                                <a href=\"#\"  class=\"etn-btn etn-btn-border etn-event-expired\">Scaduto! <\/a>\n                                            <\/div>\n                <\/div>\n            <\/div>\n                        <!-- content end-->\n        <\/div>\n        <!-- etn event item end-->\n    <\/div>\n        <div class=\"etn-col-md-6 etn-col-lg-4\">\n        <div class=\"etn-event-item\">\n            <!-- thumbnail -->\n            <div class=\"etn-event-thumb\">\n                                    <a\n                        href=\"https:\/\/studiokappa.it\/test\/etn\/insegnanti-resistenti-2\/\"\n                        aria-label=\"Eventi\"\n                    >\n                        <img decoding=\"async\" src=\"https:\/\/studiokappa.it\/test\/wp-content\/uploads\/2025\/03\/2025-InsegnantiResistenti.jpg\" alt=\"Image\">\n                    <\/a>\n                \n                <div class=\"etn-event-category\">\n                    <span>Simone Deflorian<\/span>                 <\/div>\n                            <\/div>\n            <!-- thumbnail start-->\n\n            <!-- content start-->\n            <div class=\"etn-event-content\">\n                                                            <div class=\"etn-event-location\">\n                            <i class=\"etn-icon etn-location\"><\/i>\n                            Verona                        <\/div>\n                    \n                \n                <h3 class=\"etn-title etn-event-title\"><a href=\"https:\/\/studiokappa.it\/test\/etn\/insegnanti-resistenti-2\/\">\n                    Insegnanti Resistenti<\/a>\n                <\/h3>\n                                    <p>\n                        Trasformare la scuola dall\u2019interno: la vision, le tecniche, il piano d\u2019azione L\u2019immagine scelta rappresenta la forza delle montagne. Una forza                    <\/p>\n                \n                <div class=\"etn-event-footer\">\n                    <div class=\"etn-event-date\">\n                        \t\t\t<span>\n\t\t\t\t<i class=\"etn-icon etn-calendar\"><\/i>\n\t\t\t\t01 Marzo 2025\t\t\t<\/span>\n\t\t                    <\/div>\n                    <div class=\"etn-atend-btn\">\n                                                <a href=\"#\"  class=\"etn-btn etn-btn-border etn-event-expired\">Scaduto! <\/a>\n                                            <\/div>\n                <\/div>\n            <\/div>\n                        <!-- content end-->\n        <\/div>\n        <!-- etn event item end-->\n    <\/div>\n        <div class=\"etn-col-md-6 etn-col-lg-4\">\n        <div class=\"etn-event-item\">\n            <!-- thumbnail -->\n            <div class=\"etn-event-thumb\">\n                                    <a\n                        href=\"https:\/\/studiokappa.it\/test\/etn\/focus-group-di-comunita\/\"\n                        aria-label=\"Eventi\"\n                    >\n                        <img decoding=\"async\" src=\"https:\/\/studiokappa.it\/test\/wp-content\/uploads\/2025\/03\/2025.02.14-FocusGroupComunita-Treviso.jpg\" alt=\"Image\">\n                    <\/a>\n                \n                <div class=\"etn-event-category\">\n                    <span>Simone Deflorian<\/span>                 <\/div>\n                            <\/div>\n            <!-- thumbnail start-->\n\n            <!-- content start-->\n            <div class=\"etn-event-content\">\n                                                            <div class=\"etn-event-location\">\n                            <i class=\"etn-icon etn-location\"><\/i>\n                            Treviso                        <\/div>\n                    \n                \n                <h3 class=\"etn-title etn-event-title\"><a href=\"https:\/\/studiokappa.it\/test\/etn\/focus-group-di-comunita\/\">\n                    Focus Group di Comunit\u00e0<\/a>\n                <\/h3>\n                                    <p>\n                        Corso per facilitatori di Focus Group nei processi di Sviluppo di Comunit\u00e0 Con il training non residenziale i partecipanti apprendono                    <\/p>\n                \n                <div class=\"etn-event-footer\">\n                    <div class=\"etn-event-date\">\n                        \t\t\t<span>\n\t\t\t\t<i class=\"etn-icon etn-calendar\"><\/i>\n\t\t\t\t21 Febbraio 2025\t\t\t<\/span>\n\t\t                    <\/div>\n                    <div class=\"etn-atend-btn\">\n                                                <a href=\"#\"  class=\"etn-btn etn-btn-border etn-event-expired\">Scaduto! <\/a>\n                                            <\/div>\n                <\/div>\n            <\/div>\n                        <!-- content end-->\n        <\/div>\n        <!-- etn event item end-->\n    <\/div>\n        <div class=\"etn-col-md-6 etn-col-lg-4\">\n        <div class=\"etn-event-item\">\n            <!-- thumbnail -->\n            <div class=\"etn-event-thumb\">\n                                    <a\n                        href=\"https:\/\/studiokappa.it\/test\/etn\/societa-plurali-e-reti-di-prossimita\/\"\n                        aria-label=\"Eventi\"\n                    >\n                        <img decoding=\"async\" src=\"https:\/\/studiokappa.it\/test\/wp-content\/uploads\/2025\/03\/5bc329fe-1100-4b0a-a026-58b8af3bac2a.jpeg\" alt=\"Image\">\n                    <\/a>\n                \n                <div class=\"etn-event-category\">\n                    <span>Anna Zumbo<\/span>                 <\/div>\n                            <\/div>\n            <!-- thumbnail start-->\n\n            <!-- content start-->\n            <div class=\"etn-event-content\">\n                                                            <div class=\"etn-event-location\">\n                            <i class=\"etn-icon etn-location\"><\/i>\n                            Sanremo                        <\/div>\n                    \n                \n                <h3 class=\"etn-title etn-event-title\"><a href=\"https:\/\/studiokappa.it\/test\/etn\/societa-plurali-e-reti-di-prossimita\/\">\n                    Societ\u00e0 plurali e reti di prossimit\u00e0<\/a>\n                <\/h3>\n                                    <p>\n                        Gli operatori del Terzo Settore, le persone ed i contesti pi\u00f9 fragili e la dimensione interculturale. Tra dentro e fuori                    <\/p>\n                \n                <div class=\"etn-event-footer\">\n                    <div class=\"etn-event-date\">\n                        \t\t\t<span>\n\t\t\t\t<i class=\"etn-icon etn-calendar\"><\/i>\n\t\t\t\t07 Febbraio 2025\t\t\t<\/span>\n\t\t                    <\/div>\n                    <div class=\"etn-atend-btn\">\n                                                <a href=\"#\"  class=\"etn-btn etn-btn-border etn-event-expired\">Scaduto! <\/a>\n                                            <\/div>\n                <\/div>\n            <\/div>\n                        <!-- content end-->\n        <\/div>\n        <!-- etn event item end-->\n    <\/div>\n        <div class=\"etn-col-md-6 etn-col-lg-4\">\n        <div class=\"etn-event-item\">\n            <!-- thumbnail -->\n            <div class=\"etn-event-thumb\">\n                                    <a\n                        href=\"https:\/\/studiokappa.it\/test\/etn\/esercizio-dialogico-del-potere\/\"\n                        aria-label=\"Eventi\"\n                    >\n                        <img decoding=\"async\" src=\"https:\/\/studiokappa.it\/test\/wp-content\/uploads\/2025\/03\/2025.01.24-EsercizioDialogicoPotere-Padova-scaled.jpg\" alt=\"Image\">\n                    <\/a>\n                \n                <div class=\"etn-event-category\">\n                    <span>Simone Deflorian<\/span>                 <\/div>\n                            <\/div>\n            <!-- thumbnail start-->\n\n            <!-- content start-->\n            <div class=\"etn-event-content\">\n                                                            <div class=\"etn-event-location\">\n                            <i class=\"etn-icon etn-location\"><\/i>\n                            Padova                        <\/div>\n                    \n                \n                <h3 class=\"etn-title etn-event-title\"><a href=\"https:\/\/studiokappa.it\/test\/etn\/esercizio-dialogico-del-potere\/\">\n                    Esercizio Dialogico del Potere<\/a>\n                <\/h3>\n                                    <p>\n                        Come esercitare il proprio ruolo pubblico in modo da attivare motivazione e autodeterminazione tra i cittadini Il training non residenziale                    <\/p>\n                \n                <div class=\"etn-event-footer\">\n                    <div class=\"etn-event-date\">\n                        \t\t\t<span>\n\t\t\t\t<i class=\"etn-icon etn-calendar\"><\/i>\n\t\t\t\t24 Gennaio 2025\t\t\t<\/span>\n\t\t                    <\/div>\n                    <div class=\"etn-atend-btn\">\n                                                <a href=\"#\"  class=\"etn-btn etn-btn-border etn-event-expired\">Scaduto! <\/a>\n                                            <\/div>\n                <\/div>\n            <\/div>\n                        <!-- content end-->\n        <\/div>\n        <!-- etn event item end-->\n    <\/div>\n        <div class=\"etn-col-md-6 etn-col-lg-4\">\n        <div class=\"etn-event-item\">\n            <!-- thumbnail -->\n            <div class=\"etn-event-thumb\">\n                                    <a\n                        href=\"https:\/\/studiokappa.it\/test\/etn\/liberare-i-cervelli-dalle-droghe-digitali\/\"\n                        aria-label=\"Eventi\"\n                    >\n                        <img decoding=\"async\" src=\"https:\/\/studiokappa.it\/test\/wp-content\/uploads\/2024\/07\/2024.12.28-LiberareCervelli-PerugiaOK.jpg\" alt=\"Image\">\n                    <\/a>\n                \n                <div class=\"etn-event-category\">\n                    <span>Simone Deflorian<\/span>                 <\/div>\n                            <\/div>\n            <!-- thumbnail start-->\n\n            <!-- content start-->\n            <div class=\"etn-event-content\">\n                                                            <div class=\"etn-event-location\">\n                            <i class=\"etn-icon etn-location\"><\/i>\n                            Perugia                        <\/div>\n                    \n                \n                <h3 class=\"etn-title etn-event-title\"><a href=\"https:\/\/studiokappa.it\/test\/etn\/liberare-i-cervelli-dalle-droghe-digitali\/\">\n                    Liberare i cervelli dalle droghe digitali<\/a>\n                <\/h3>\n                                    <p>\n                        Approcci, metodi e strumenti di disintossicazione dalla dipendenza digitale Accanto alle storiche dipendenze da sostanze si \u00e8 fatto largo negli                    <\/p>\n                \n                <div class=\"etn-event-footer\">\n                    <div class=\"etn-event-date\">\n                        \t\t\t<span>\n\t\t\t\t<i class=\"etn-icon etn-calendar\"><\/i>\n\t\t\t\t28 Dicembre 2024\t\t\t<\/span>\n\t\t                    <\/div>\n                    <div class=\"etn-atend-btn\">\n                                                <a href=\"#\"  class=\"etn-btn etn-btn-border etn-event-expired\">Scaduto! <\/a>\n                                            <\/div>\n                <\/div>\n            <\/div>\n                        <!-- content end-->\n        <\/div>\n        <!-- etn event item end-->\n    <\/div>\n        <div class=\"etn-col-md-6 etn-col-lg-4\">\n        <div class=\"etn-event-item\">\n            <!-- thumbnail -->\n            <div class=\"etn-event-thumb\">\n                                    <a\n                        href=\"https:\/\/studiokappa.it\/test\/etn\/fare-sistema-tra-le-aziende-turistiche-del-territorio\/\"\n                        aria-label=\"Eventi\"\n                    >\n                        <img decoding=\"async\" src=\"https:\/\/studiokappa.it\/test\/wp-content\/uploads\/2025\/03\/2024.12.14-FareSistemaTurismo-RiminiOK.jpg\" alt=\"Image\">\n                    <\/a>\n                \n                <div class=\"etn-event-category\">\n                    <span>Simone Deflorian<\/span>                 <\/div>\n                            <\/div>\n            <!-- thumbnail start-->\n\n            <!-- content start-->\n            <div class=\"etn-event-content\">\n                                                            <div class=\"etn-event-location\">\n                            <i class=\"etn-icon etn-location\"><\/i>\n                            Rimini                        <\/div>\n                    \n                \n                <h3 class=\"etn-title etn-event-title\"><a href=\"https:\/\/studiokappa.it\/test\/etn\/fare-sistema-tra-le-aziende-turistiche-del-territorio\/\">\n                    Fare sistema tra le aziende turistiche del territorio<\/a>\n                <\/h3>\n                                    <p>\n                        Metodi e strumenti per pianificare insieme la promozione del territorio Una volta un ristoratore mi disse: \u201cPerch\u00e9 un ristorante della                    <\/p>\n                \n                <div class=\"etn-event-footer\">\n                    <div class=\"etn-event-date\">\n                        \t\t\t<span>\n\t\t\t\t<i class=\"etn-icon etn-calendar\"><\/i>\n\t\t\t\t14 Dicembre 2024\t\t\t<\/span>\n\t\t                    <\/div>\n                    <div class=\"etn-atend-btn\">\n                                                <a href=\"#\"  class=\"etn-btn etn-btn-border etn-event-expired\">Scaduto! <\/a>\n                                            <\/div>\n                <\/div>\n            <\/div>\n                        <!-- content end-->\n        <\/div>\n        <!-- etn event item end-->\n    <\/div>\n        <div class=\"etn-col-md-6 etn-col-lg-4\">\n        <div class=\"etn-event-item\">\n            <!-- thumbnail -->\n            <div class=\"etn-event-thumb\">\n                                    <a\n                        href=\"https:\/\/studiokappa.it\/test\/etn\/dalla-manifestazione-rivendicativa-allazione-nonviolenta-collettiva\/\"\n                        aria-label=\"Eventi\"\n                    >\n                        <img decoding=\"async\" src=\"https:\/\/studiokappa.it\/test\/wp-content\/uploads\/2025\/03\/2024.11.23-DaManifestazioneANonviolenza-CagliariOK.jpg\" alt=\"Image\">\n                    <\/a>\n                \n                <div class=\"etn-event-category\">\n                    <span>Simone Deflorian<\/span>                 <\/div>\n                            <\/div>\n            <!-- thumbnail start-->\n\n            <!-- content start-->\n            <div class=\"etn-event-content\">\n                                                            <div class=\"etn-event-location\">\n                            <i class=\"etn-icon etn-location\"><\/i>\n                            Cagliari                        <\/div>\n                    \n                \n                <h3 class=\"etn-title etn-event-title\"><a href=\"https:\/\/studiokappa.it\/test\/etn\/dalla-manifestazione-rivendicativa-allazione-nonviolenta-collettiva\/\">\n                    Dalla manifestazione rivendicativa all\u2019azione nonviolenta collettiva<\/a>\n                <\/h3>\n                                    <p>\n                        Training su diverse metodologie nonviolente d\u2019azione \u00a0 Sabato 23 Novembre 2024, a Cagliari si svolge il training con Simone Deflorian                    <\/p>\n                \n                <div class=\"etn-event-footer\">\n                    <div class=\"etn-event-date\">\n                        \t\t\t<span>\n\t\t\t\t<i class=\"etn-icon etn-calendar\"><\/i>\n\t\t\t\t23 Novembre 2024\t\t\t<\/span>\n\t\t                    <\/div>\n                    <div class=\"etn-atend-btn\">\n                                                <a href=\"#\"  class=\"etn-btn etn-btn-border etn-event-expired\">Scaduto! <\/a>\n                                            <\/div>\n                <\/div>\n            <\/div>\n                        <!-- content end-->\n        <\/div>\n        <!-- etn event item end-->\n    <\/div>\n        <div class=\"etn-col-md-6 etn-col-lg-4\">\n        <div class=\"etn-event-item\">\n            <!-- thumbnail -->\n            <div class=\"etn-event-thumb\">\n                                    <a\n                        href=\"https:\/\/studiokappa.it\/test\/etn\/pensare-e-un-lusso-o-e-rivoluzionario\/\"\n                        aria-label=\"Eventi\"\n                    >\n                        <img decoding=\"async\" src=\"https:\/\/studiokappa.it\/test\/wp-content\/uploads\/2025\/03\/2024.11.09-Pensare-ImperiaOK.jpg\" alt=\"Image\">\n                    <\/a>\n                \n                <div class=\"etn-event-category\">\n                    <span>Simone Deflorian<\/span>                 <\/div>\n                            <\/div>\n            <!-- thumbnail start-->\n\n            <!-- content start-->\n            <div class=\"etn-event-content\">\n                                                            <div class=\"etn-event-location\">\n                            <i class=\"etn-icon etn-location\"><\/i>\n                            Imperia (IM)                        <\/div>\n                    \n                \n                <h3 class=\"etn-title etn-event-title\"><a href=\"https:\/\/studiokappa.it\/test\/etn\/pensare-e-un-lusso-o-e-rivoluzionario\/\">\n                    Pensare \u00e8 un lusso o \u00e8 rivoluzionario?<\/a>\n                <\/h3>\n                                    <p>\n                        Costruire ambienti organizzativi e formativi dove allenare a pensare \u201cProfessore, perch\u00e9 nel suo corso ci fa pensare cos\u00ec tanto? Non                    <\/p>\n                \n                <div class=\"etn-event-footer\">\n                    <div class=\"etn-event-date\">\n                        \t\t\t<span>\n\t\t\t\t<i class=\"etn-icon etn-calendar\"><\/i>\n\t\t\t\t09 Novembre 2024\t\t\t<\/span>\n\t\t                    <\/div>\n                    <div class=\"etn-atend-btn\">\n                                                <a href=\"#\"  class=\"etn-btn etn-btn-border etn-event-expired\">Scaduto! <\/a>\n                                            <\/div>\n                <\/div>\n            <\/div>\n                        <!-- content end-->\n        <\/div>\n        <!-- etn event item end-->\n    <\/div>\n        <div class=\"etn-col-md-6 etn-col-lg-4\">\n        <div class=\"etn-event-item\">\n            <!-- thumbnail -->\n            <div class=\"etn-event-thumb\">\n                                    <a\n                        href=\"https:\/\/studiokappa.it\/test\/etn\/da-gite-distruzione-a-esperienze-formative\/\"\n                        aria-label=\"Eventi\"\n                    >\n                        <img decoding=\"async\" src=\"https:\/\/studiokappa.it\/test\/wp-content\/uploads\/2025\/03\/2024.10.12-GiteScolasticheFormative-RomaOK.jpg\" alt=\"Image\">\n                    <\/a>\n                \n                <div class=\"etn-event-category\">\n                    <span>Simone Deflorian<\/span>                 <\/div>\n                            <\/div>\n            <!-- thumbnail start-->\n\n            <!-- content start-->\n            <div class=\"etn-event-content\">\n                                                            <div class=\"etn-event-location\">\n                            <i class=\"etn-icon etn-location\"><\/i>\n                            Roma                        <\/div>\n                    \n                \n                <h3 class=\"etn-title etn-event-title\"><a href=\"https:\/\/studiokappa.it\/test\/etn\/da-gite-distruzione-a-esperienze-formative\/\">\n                    Da Gite d\u2019Istruzione a Esperienze Formative<\/a>\n                <\/h3>\n                                    <p>\n                        Organizzare gite scolastiche capaci di rafforzare identit\u00e0, fiducia e autostima degli studenti \u00a0 A differenza degli altri Paesi Europei, le                    <\/p>\n                \n                <div class=\"etn-event-footer\">\n                    <div class=\"etn-event-date\">\n                        \t\t\t<span>\n\t\t\t\t<i class=\"etn-icon etn-calendar\"><\/i>\n\t\t\t\t12 Ottobre 2024\t\t\t<\/span>\n\t\t                    <\/div>\n                    <div class=\"etn-atend-btn\">\n                                                <a href=\"#\"  class=\"etn-btn etn-btn-border etn-event-expired\">Scaduto! <\/a>\n                                            <\/div>\n                <\/div>\n            <\/div>\n                        <!-- content end-->\n        <\/div>\n        <!-- etn event item end-->\n    <\/div>\n        <div class=\"etn-col-md-6 etn-col-lg-4\">\n        <div class=\"etn-event-item\">\n            <!-- thumbnail -->\n            <div class=\"etn-event-thumb\">\n                                    <a\n                        href=\"https:\/\/studiokappa.it\/test\/etn\/liberta-e-partecipazione\/\"\n                        aria-label=\"Eventi\"\n                    >\n                        <img decoding=\"async\" src=\"https:\/\/studiokappa.it\/test\/wp-content\/uploads\/2024\/01\/WhatsApp-Image-2024-01-29-at-13.57.55.jpeg\" alt=\"Image\">\n                    <\/a>\n                \n                <div class=\"etn-event-category\">\n                    <span>Anna Zumbo<\/span>                 <\/div>\n                            <\/div>\n            <!-- thumbnail start-->\n\n            <!-- content start-->\n            <div class=\"etn-event-content\">\n                                                            <div class=\"etn-event-location\">\n                            <i class=\"etn-icon etn-location\"><\/i>\n                            Torino                        <\/div>\n                    \n                \n                <h3 class=\"etn-title etn-event-title\"><a href=\"https:\/\/studiokappa.it\/test\/etn\/liberta-e-partecipazione\/\">\n                    Libert\u00e0 \u00e8 partecipazione<\/a>\n                <\/h3>\n                                    <p>\n                        Strumenti per l\u2019analisi e la progettazione del ruolo dei cittadini nella co-costruzione degli interventi sociali che fanno comunit\u00e0 Torino, 12-13                    <\/p>\n                \n                <div class=\"etn-event-footer\">\n                    <div class=\"etn-event-date\">\n                        \t\t\t<span>\n\t\t\t\t<i class=\"etn-icon etn-calendar\"><\/i>\n\t\t\t\t12 Ottobre 2024\t\t\t<\/span>\n\t\t                    <\/div>\n                    <div class=\"etn-atend-btn\">\n                                                <a href=\"#\"  class=\"etn-btn etn-btn-border etn-event-expired\">Scaduto! <\/a>\n                                            <\/div>\n                <\/div>\n            <\/div>\n                        <!-- content end-->\n        <\/div>\n        <!-- etn event item end-->\n    <\/div>\n        <div class=\"etn-col-md-6 etn-col-lg-4\">\n        <div class=\"etn-event-item\">\n            <!-- thumbnail -->\n            <div class=\"etn-event-thumb\">\n                                    <a\n                        href=\"https:\/\/studiokappa.it\/test\/etn\/costruire-il-programma-elettorale-con-la-gente\/\"\n                        aria-label=\"Eventi\"\n                    >\n                        <img decoding=\"async\" src=\"https:\/\/studiokappa.it\/test\/wp-content\/uploads\/2025\/03\/2024.09.28-PEP-GenovaOK.jpg\" alt=\"Image\">\n                    <\/a>\n                \n                <div class=\"etn-event-category\">\n                    <span>Simone Deflorian<\/span>                 <\/div>\n                            <\/div>\n            <!-- thumbnail start-->\n\n            <!-- content start-->\n            <div class=\"etn-event-content\">\n                                                            <div class=\"etn-event-location\">\n                            <i class=\"etn-icon etn-location\"><\/i>\n                            Genova                        <\/div>\n                    \n                \n                <h3 class=\"etn-title etn-event-title\"><a href=\"https:\/\/studiokappa.it\/test\/etn\/costruire-il-programma-elettorale-con-la-gente\/\">\n                    Costruire il Programma Elettorale con la gente<\/a>\n                <\/h3>\n                                    <p>\n                        Metodi e strumenti per la progettazione partecipata del programma elettorale \u00a0 Sabato 28 Settembre 2024, si svolge a Genova un                    <\/p>\n                \n                <div class=\"etn-event-footer\">\n                    <div class=\"etn-event-date\">\n                        \t\t\t<span>\n\t\t\t\t<i class=\"etn-icon etn-calendar\"><\/i>\n\t\t\t\t28 Settembre 2024\t\t\t<\/span>\n\t\t                    <\/div>\n                    <div class=\"etn-atend-btn\">\n                                                <a href=\"#\"  class=\"etn-btn etn-btn-border etn-event-expired\">Scaduto! <\/a>\n                                            <\/div>\n                <\/div>\n            <\/div>\n                        <!-- content end-->\n        <\/div>\n        <!-- etn event item end-->\n    <\/div>\n        <div class=\"etn-col-md-6 etn-col-lg-4\">\n        <div class=\"etn-event-item\">\n            <!-- thumbnail -->\n            <div class=\"etn-event-thumb\">\n                                    <a\n                        href=\"https:\/\/studiokappa.it\/test\/etn\/coltivare-la-comunita-e-coltivare-la-pace\/\"\n                        aria-label=\"Eventi\"\n                    >\n                        <img decoding=\"async\" src=\"https:\/\/studiokappa.it\/test\/wp-content\/uploads\/2025\/03\/484918603_1060767486092766_770035200634630612_n.jpg\" alt=\"Image\">\n                    <\/a>\n                \n                <div class=\"etn-event-category\">\n                    <span>Anna Zumbo<\/span>                 <\/div>\n                            <\/div>\n            <!-- thumbnail start-->\n\n            <!-- content start-->\n            <div class=\"etn-event-content\">\n                                                            <div class=\"etn-event-location\">\n                            <i class=\"etn-icon etn-location\"><\/i>\n                            Firenze                         <\/div>\n                    \n                \n                <h3 class=\"etn-title etn-event-title\"><a href=\"https:\/\/studiokappa.it\/test\/etn\/coltivare-la-comunita-e-coltivare-la-pace\/\">\n                    Coltivare la comunit\u00e0 \u00e8 coltivare la pace<\/a>\n                <\/h3>\n                                    <p>\n                        Postura, metodologie e strumenti per la cura consapevole dello sviluppo di comunit\u00e0 pi\u00f9 coese, inclusive, responsabili e generative. Per costruire                    <\/p>\n                \n                <div class=\"etn-event-footer\">\n                    <div class=\"etn-event-date\">\n                        \t\t\t<span>\n\t\t\t\t<i class=\"etn-icon etn-calendar\"><\/i>\n\t\t\t\t27 Settembre 2024\t\t\t<\/span>\n\t\t                    <\/div>\n                    <div class=\"etn-atend-btn\">\n                                                <a href=\"#\"  class=\"etn-btn etn-btn-border etn-event-expired\">Scaduto! <\/a>\n                                            <\/div>\n                <\/div>\n            <\/div>\n                        <!-- content end-->\n        <\/div>\n        <!-- etn event item end-->\n    <\/div>\n        <div class=\"etn-col-md-6 etn-col-lg-4\">\n        <div class=\"etn-event-item\">\n            <!-- thumbnail -->\n            <div class=\"etn-event-thumb\">\n                                    <a\n                        href=\"https:\/\/studiokappa.it\/test\/etn\/fare-sistema-tra-commercianti\/\"\n                        aria-label=\"Eventi\"\n                    >\n                        <img decoding=\"async\" src=\"https:\/\/studiokappa.it\/test\/wp-content\/uploads\/2025\/03\/2024.09.14-FareSistemaCommercianti-LuganoOK.jpg\" alt=\"Image\">\n                    <\/a>\n                \n                <div class=\"etn-event-category\">\n                    <span>Simone Deflorian<\/span>                 <\/div>\n                            <\/div>\n            <!-- thumbnail start-->\n\n            <!-- content start-->\n            <div class=\"etn-event-content\">\n                                                            <div class=\"etn-event-location\">\n                            <i class=\"etn-icon etn-location\"><\/i>\n                            Lugano (Svizzera)                        <\/div>\n                    \n                \n                <h3 class=\"etn-title etn-event-title\"><a href=\"https:\/\/studiokappa.it\/test\/etn\/fare-sistema-tra-commercianti\/\">\n                    Fare sistema tra commercianti<\/a>\n                <\/h3>\n                                    <p>\n                        Progettare un piano di promozione collettivo tra commercianti I commercianti di una zona hanno in comune il territorio dove operano.                    <\/p>\n                \n                <div class=\"etn-event-footer\">\n                    <div class=\"etn-event-date\">\n                        \t\t\t<span>\n\t\t\t\t<i class=\"etn-icon etn-calendar\"><\/i>\n\t\t\t\t14 Settembre 2024\t\t\t<\/span>\n\t\t                    <\/div>\n                    <div class=\"etn-atend-btn\">\n                                                <a href=\"#\"  class=\"etn-btn etn-btn-border etn-event-expired\">Scaduto! <\/a>\n                                            <\/div>\n                <\/div>\n            <\/div>\n                        <!-- content end-->\n        <\/div>\n        <!-- etn event item end-->\n    <\/div>\n        <div class=\"etn-col-md-6 etn-col-lg-4\">\n        <div class=\"etn-event-item\">\n            <!-- thumbnail -->\n            <div class=\"etn-event-thumb\">\n                                    <a\n                        href=\"https:\/\/studiokappa.it\/test\/etn\/basaglia-de-digitalizzerebbe-le-istituzioni\/\"\n                        aria-label=\"Eventi\"\n                    >\n                        <img decoding=\"async\" src=\"https:\/\/studiokappa.it\/test\/wp-content\/uploads\/2025\/03\/2024.08.10-Dedigitalizzare-TriesteOK.jpg\" alt=\"Image\">\n                    <\/a>\n                \n                <div class=\"etn-event-category\">\n                    <span>Simone Deflorian<\/span>                 <\/div>\n                            <\/div>\n            <!-- thumbnail start-->\n\n            <!-- content start-->\n            <div class=\"etn-event-content\">\n                                                            <div class=\"etn-event-location\">\n                            <i class=\"etn-icon etn-location\"><\/i>\n                            Trieste                        <\/div>\n                    \n                \n                <h3 class=\"etn-title etn-event-title\"><a href=\"https:\/\/studiokappa.it\/test\/etn\/basaglia-de-digitalizzerebbe-le-istituzioni\/\">\n                    Basaglia de-digitalizzerebbe le istituzioni?<\/a>\n                <\/h3>\n                                    <p>\n                        Metodi e strumenti per liberare la gente dalla prigionia online delle istituzioni \u00a0 La domanda dal sapere provocatorio, prende spunto                    <\/p>\n                \n                <div class=\"etn-event-footer\">\n                    <div class=\"etn-event-date\">\n                        \t\t\t<span>\n\t\t\t\t<i class=\"etn-icon etn-calendar\"><\/i>\n\t\t\t\t24 Agosto 2024\t\t\t<\/span>\n\t\t                    <\/div>\n                    <div class=\"etn-atend-btn\">\n                                                <a href=\"#\"  class=\"etn-btn etn-btn-border etn-event-expired\">Scaduto! <\/a>\n                                            <\/div>\n                <\/div>\n            <\/div>\n                        <!-- content end-->\n        <\/div>\n        <!-- etn event item end-->\n    <\/div>\n        <div class=\"etn-col-md-6 etn-col-lg-4\">\n        <div class=\"etn-event-item\">\n            <!-- thumbnail -->\n            <div class=\"etn-event-thumb\">\n                                    <a\n                        href=\"https:\/\/studiokappa.it\/test\/etn\/potere-di-genere\/\"\n                        aria-label=\"Eventi\"\n                    >\n                        <img decoding=\"async\" src=\"https:\/\/studiokappa.it\/test\/wp-content\/uploads\/2025\/03\/2024.08.24-PotereGenere-ModenaOK.jpg\" alt=\"Image\">\n                    <\/a>\n                \n                <div class=\"etn-event-category\">\n                    <span>Simone Deflorian<\/span>                 <\/div>\n                            <\/div>\n            <!-- thumbnail start-->\n\n            <!-- content start-->\n            <div class=\"etn-event-content\">\n                                                            <div class=\"etn-event-location\">\n                            <i class=\"etn-icon etn-location\"><\/i>\n                            Modena                        <\/div>\n                    \n                \n                <h3 class=\"etn-title etn-event-title\"><a href=\"https:\/\/studiokappa.it\/test\/etn\/potere-di-genere\/\">\n                    Potere di Genere<\/a>\n                <\/h3>\n                                    <p>\n                        Dal rivendicare parit\u00e0 di genere all\u2019assumere potere del femminile Da molti anni si susseguono manifestazioni per la rivendicazione dei diritti                    <\/p>\n                \n                <div class=\"etn-event-footer\">\n                    <div class=\"etn-event-date\">\n                        \t\t\t<span>\n\t\t\t\t<i class=\"etn-icon etn-calendar\"><\/i>\n\t\t\t\t24 Agosto 2024\t\t\t<\/span>\n\t\t                    <\/div>\n                    <div class=\"etn-atend-btn\">\n                                                <a href=\"#\"  class=\"etn-btn etn-btn-border etn-event-expired\">Scaduto! <\/a>\n                                            <\/div>\n                <\/div>\n            <\/div>\n                        <!-- content end-->\n        <\/div>\n        <!-- etn event item end-->\n    <\/div>\n        <div class=\"etn-col-md-6 etn-col-lg-4\">\n        <div class=\"etn-event-item\">\n            <!-- thumbnail -->\n            <div class=\"etn-event-thumb\">\n                                    <a\n                        href=\"https:\/\/studiokappa.it\/test\/etn\/progettare-il-futuro-della-propria-organizzazione\/\"\n                        aria-label=\"Eventi\"\n                    >\n                        <img decoding=\"async\" src=\"https:\/\/studiokappa.it\/test\/wp-content\/uploads\/2025\/03\/2024.07.13-FuturoOrganizzazione-BellinzonaOK.jpg\" alt=\"Image\">\n                    <\/a>\n                \n                <div class=\"etn-event-category\">\n                    <span>Simone Deflorian<\/span>                 <\/div>\n                            <\/div>\n            <!-- thumbnail start-->\n\n            <!-- content start-->\n            <div class=\"etn-event-content\">\n                                                            <div class=\"etn-event-location\">\n                            <i class=\"etn-icon etn-location\"><\/i>\n                            Bellinzona (Svizzera)                        <\/div>\n                    \n                \n                <h3 class=\"etn-title etn-event-title\"><a href=\"https:\/\/studiokappa.it\/test\/etn\/progettare-il-futuro-della-propria-organizzazione\/\">\n                    Progettare il futuro della propria organizzazione<\/a>\n                <\/h3>\n                                    <p>\n                        Training-coaching di costruzione collettiva di piani di sviluppo aziendali A Bellinzona, in Svizzera, Sabato 13 Luglio 2024, si svolge un                    <\/p>\n                \n                <div class=\"etn-event-footer\">\n                    <div class=\"etn-event-date\">\n                        \t\t\t<span>\n\t\t\t\t<i class=\"etn-icon etn-calendar\"><\/i>\n\t\t\t\t13 Luglio 2024\t\t\t<\/span>\n\t\t                    <\/div>\n                    <div class=\"etn-atend-btn\">\n                                                <a href=\"#\"  class=\"etn-btn etn-btn-border etn-event-expired\">Scaduto! <\/a>\n                                            <\/div>\n                <\/div>\n            <\/div>\n                        <!-- content end-->\n        <\/div>\n        <!-- etn event item end-->\n    <\/div>\n        <div class=\"etn-col-md-6 etn-col-lg-4\">\n        <div class=\"etn-event-item\">\n            <!-- thumbnail -->\n            <div class=\"etn-event-thumb\">\n                                    <a\n                        href=\"https:\/\/studiokappa.it\/test\/etn\/la-co-progettazione\/\"\n                        aria-label=\"Eventi\"\n                    >\n                        <img decoding=\"async\" src=\"https:\/\/studiokappa.it\/test\/wp-content\/uploads\/2025\/03\/CoPro.jpeg\" alt=\"Image\">\n                    <\/a>\n                \n                <div class=\"etn-event-category\">\n                    <span>Anna Zumbo<\/span>                 <\/div>\n                            <\/div>\n            <!-- thumbnail start-->\n\n            <!-- content start-->\n            <div class=\"etn-event-content\">\n                                                            <div class=\"etn-event-location\">\n                            <i class=\"etn-icon etn-location\"><\/i>\n                            Sanremo (IM)                        <\/div>\n                    \n                \n                <h3 class=\"etn-title etn-event-title\"><a href=\"https:\/\/studiokappa.it\/test\/etn\/la-co-progettazione\/\">\n                    La Co-Progettazione<\/a>\n                <\/h3>\n                                    <p>\n                        Progettare con la comunit\u00e0, attivare soggetti, interessi, bisogni e risorse diversi con gli attori del territorio Il 28 e 29                    <\/p>\n                \n                <div class=\"etn-event-footer\">\n                    <div class=\"etn-event-date\">\n                        \t\t\t<span>\n\t\t\t\t<i class=\"etn-icon etn-calendar\"><\/i>\n\t\t\t\t28 Giugno 2024\t\t\t<\/span>\n\t\t                    <\/div>\n                    <div class=\"etn-atend-btn\">\n                                                <a href=\"#\"  class=\"etn-btn etn-btn-border etn-event-expired\">Scaduto! <\/a>\n                                            <\/div>\n                <\/div>\n            <\/div>\n                        <!-- content end-->\n        <\/div>\n        <!-- etn event item end-->\n    <\/div>\n        <div class=\"etn-col-md-6 etn-col-lg-4\">\n        <div class=\"etn-event-item\">\n            <!-- thumbnail -->\n            <div class=\"etn-event-thumb\">\n                                    <a\n                        href=\"https:\/\/studiokappa.it\/test\/etn\/da-gruppo-social-a-gruppo-dazione\/\"\n                        aria-label=\"Eventi\"\n                    >\n                        <img decoding=\"async\" src=\"https:\/\/studiokappa.it\/test\/wp-content\/uploads\/2025\/03\/2024.06.22-DaSocialAdAzione-VeronaOK.jpg\" alt=\"Image\">\n                    <\/a>\n                \n                <div class=\"etn-event-category\">\n                    <span>Simone Deflorian<\/span>                 <\/div>\n                            <\/div>\n            <!-- thumbnail start-->\n\n            <!-- content start-->\n            <div class=\"etn-event-content\">\n                                                            <div class=\"etn-event-location\">\n                            <i class=\"etn-icon etn-location\"><\/i>\n                            Verona                        <\/div>\n                    \n                \n                <h3 class=\"etn-title etn-event-title\"><a href=\"https:\/\/studiokappa.it\/test\/etn\/da-gruppo-social-a-gruppo-dazione\/\">\n                    Da Gruppo Social a Gruppo d\u2019Azione<\/a>\n                <\/h3>\n                                    <p>\n                        Training per far uscire un gruppo dal virtuale e renderlo capace di azioni \u00a0 Le politiche pubbliche degli ultimi anni                    <\/p>\n                \n                <div class=\"etn-event-footer\">\n                    <div class=\"etn-event-date\">\n                        \t\t\t<span>\n\t\t\t\t<i class=\"etn-icon etn-calendar\"><\/i>\n\t\t\t\t22 Giugno 2024\t\t\t<\/span>\n\t\t                    <\/div>\n                    <div class=\"etn-atend-btn\">\n                                                <a href=\"#\"  class=\"etn-btn etn-btn-border etn-event-expired\">Scaduto! <\/a>\n                                            <\/div>\n                <\/div>\n            <\/div>\n                        <!-- content end-->\n        <\/div>\n        <!-- etn event item end-->\n    <\/div>\n        <div class=\"etn-col-md-6 etn-col-lg-4\">\n        <div class=\"etn-event-item\">\n            <!-- thumbnail -->\n            <div class=\"etn-event-thumb\">\n                                    <a\n                        href=\"https:\/\/studiokappa.it\/test\/etn\/riumanizzare-le-strutture-e-il-personale-sanitario\/\"\n                        aria-label=\"Eventi\"\n                    >\n                        <img decoding=\"async\" src=\"https:\/\/studiokappa.it\/test\/wp-content\/uploads\/2025\/03\/2024.06.08-RiumanizzareSanita-LocarnoOK.jpg\" alt=\"Image\">\n                    <\/a>\n                \n                <div class=\"etn-event-category\">\n                    <span>Simone Deflorian<\/span>                 <\/div>\n                            <\/div>\n            <!-- thumbnail start-->\n\n            <!-- content start-->\n            <div class=\"etn-event-content\">\n                                                            <div class=\"etn-event-location\">\n                            <i class=\"etn-icon etn-location\"><\/i>\n                            Locarno (Svizzera)                        <\/div>\n                    \n                \n                <h3 class=\"etn-title etn-event-title\"><a href=\"https:\/\/studiokappa.it\/test\/etn\/riumanizzare-le-strutture-e-il-personale-sanitario\/\">\n                    Riumanizzare le strutture e il personale sanitario<\/a>\n                <\/h3>\n                                    <p>\n                        Metodi e strumenti per modificare dall\u2019interno l\u2019approccio verso le persone e la cura Il comparto sanitario \u00e8 stato al centro                    <\/p>\n                \n                <div class=\"etn-event-footer\">\n                    <div class=\"etn-event-date\">\n                        \t\t\t<span>\n\t\t\t\t<i class=\"etn-icon etn-calendar\"><\/i>\n\t\t\t\t08 Giugno 2024\t\t\t<\/span>\n\t\t                    <\/div>\n                    <div class=\"etn-atend-btn\">\n                                                <a href=\"#\"  class=\"etn-btn etn-btn-border etn-event-expired\">Scaduto! <\/a>\n                                            <\/div>\n                <\/div>\n            <\/div>\n                        <!-- content end-->\n        <\/div>\n        <!-- etn event item end-->\n    <\/div>\n        <div class=\"etn-col-md-6 etn-col-lg-4\">\n        <div class=\"etn-event-item\">\n            <!-- thumbnail -->\n            <div class=\"etn-event-thumb\">\n                                    <a\n                        href=\"https:\/\/studiokappa.it\/test\/etn\/facilitare-i-gruppi-dazione\/\"\n                        aria-label=\"Eventi\"\n                    >\n                        <img decoding=\"async\" src=\"https:\/\/studiokappa.it\/test\/wp-content\/uploads\/2025\/03\/2024.05.11-GruppiAzione-PadovaOK.jpg\" alt=\"Image\">\n                    <\/a>\n                \n                <div class=\"etn-event-category\">\n                    <span>Simone Deflorian<\/span>                 <\/div>\n                            <\/div>\n            <!-- thumbnail start-->\n\n            <!-- content start-->\n            <div class=\"etn-event-content\">\n                                                            <div class=\"etn-event-location\">\n                            <i class=\"etn-icon etn-location\"><\/i>\n                            Padova                        <\/div>\n                    \n                \n                <h3 class=\"etn-title etn-event-title\"><a href=\"https:\/\/studiokappa.it\/test\/etn\/facilitare-i-gruppi-dazione\/\">\n                    Facilitare i Gruppi d\u2019Azione<\/a>\n                <\/h3>\n                                    <p>\n                        Approcci, metodi e strumenti per il sostegno alla mobilitazione dei gruppi \u00a0 Gli ultimi anni hanno visto un riaccendersi della                    <\/p>\n                \n                <div class=\"etn-event-footer\">\n                    <div class=\"etn-event-date\">\n                        \t\t\t<span>\n\t\t\t\t<i class=\"etn-icon etn-calendar\"><\/i>\n\t\t\t\t11 Maggio 2024\t\t\t<\/span>\n\t\t                    <\/div>\n                    <div class=\"etn-atend-btn\">\n                                                <a href=\"#\"  class=\"etn-btn etn-btn-border etn-event-expired\">Scaduto! <\/a>\n                                            <\/div>\n                <\/div>\n            <\/div>\n                        <!-- content end-->\n        <\/div>\n        <!-- etn event item end-->\n    <\/div>\n        <div class=\"etn-col-md-6 etn-col-lg-4\">\n        <div class=\"etn-event-item\">\n            <!-- thumbnail -->\n            <div class=\"etn-event-thumb\">\n                                    <a\n                        href=\"https:\/\/studiokappa.it\/test\/etn\/progettare-processi-di-democrazia-deliberativa\/\"\n                        aria-label=\"Eventi\"\n                    >\n                        <img decoding=\"async\" src=\"https:\/\/studiokappa.it\/test\/wp-content\/uploads\/2025\/03\/2024.04.27-DemocraziaDeliberativa-BolognaOK.jpg\" alt=\"Image\">\n                    <\/a>\n                \n                <div class=\"etn-event-category\">\n                    <span>Simone Deflorian<\/span>                 <\/div>\n                            <\/div>\n            <!-- thumbnail start-->\n\n            <!-- content start-->\n            <div class=\"etn-event-content\">\n                                                            <div class=\"etn-event-location\">\n                            <i class=\"etn-icon etn-location\"><\/i>\n                            Bologna                        <\/div>\n                    \n                \n                <h3 class=\"etn-title etn-event-title\"><a href=\"https:\/\/studiokappa.it\/test\/etn\/progettare-processi-di-democrazia-deliberativa\/\">\n                    Progettare processi di democrazia deliberativa<\/a>\n                <\/h3>\n                                    <p>\n                        Come costruire politiche pubbliche con i cittadini Costruire oggi politiche pubbliche significa superare la feudale divisione tra chi governa e                    <\/p>\n                \n                <div class=\"etn-event-footer\">\n                    <div class=\"etn-event-date\">\n                        \t\t\t<span>\n\t\t\t\t<i class=\"etn-icon etn-calendar\"><\/i>\n\t\t\t\t27 Aprile 2024\t\t\t<\/span>\n\t\t                    <\/div>\n                    <div class=\"etn-atend-btn\">\n                                                <a href=\"#\"  class=\"etn-btn etn-btn-border etn-event-expired\">Scaduto! <\/a>\n                                            <\/div>\n                <\/div>\n            <\/div>\n                        <!-- content end-->\n        <\/div>\n        <!-- etn event item end-->\n    <\/div>\n        <div class=\"etn-col-md-6 etn-col-lg-4\">\n        <div class=\"etn-event-item\">\n            <!-- thumbnail -->\n            <div class=\"etn-event-thumb\">\n                                    <a\n                        href=\"https:\/\/studiokappa.it\/test\/etn\/uscire-dalla-ruota-del-criceto-lavorare-meno-lavorare-meglio\/\"\n                        aria-label=\"Eventi\"\n                    >\n                        <img decoding=\"async\" src=\"https:\/\/studiokappa.it\/test\/wp-content\/uploads\/2025\/03\/2024.04.13-RuotaCriceto-TorinoOK.jpg\" alt=\"Image\">\n                    <\/a>\n                \n                <div class=\"etn-event-category\">\n                    <span>Simone Deflorian<\/span>                 <\/div>\n                            <\/div>\n            <!-- thumbnail start-->\n\n            <!-- content start-->\n            <div class=\"etn-event-content\">\n                                                            <div class=\"etn-event-location\">\n                            <i class=\"etn-icon etn-location\"><\/i>\n                            Torino                        <\/div>\n                    \n                \n                <h3 class=\"etn-title etn-event-title\"><a href=\"https:\/\/studiokappa.it\/test\/etn\/uscire-dalla-ruota-del-criceto-lavorare-meno-lavorare-meglio\/\">\n                    Uscire dalla ruota del criceto: lavorare meno, lavorare meglio<\/a>\n                <\/h3>\n                                    <p>\n                        Training-coaching per qualificare il proprio intervento professionale Prima dell\u2019inizio del processo disumanizzante della digitalizzazione, le persone avevano pi\u00f9 tempo libero                    <\/p>\n                \n                <div class=\"etn-event-footer\">\n                    <div class=\"etn-event-date\">\n                        \t\t\t<span>\n\t\t\t\t<i class=\"etn-icon etn-calendar\"><\/i>\n\t\t\t\t13 Aprile 2024\t\t\t<\/span>\n\t\t                    <\/div>\n                    <div class=\"etn-atend-btn\">\n                                                <a href=\"#\"  class=\"etn-btn etn-btn-border etn-event-expired\">Scaduto! <\/a>\n                                            <\/div>\n                <\/div>\n            <\/div>\n                        <!-- content end-->\n        <\/div>\n        <!-- etn event item end-->\n    <\/div>\n        <div class=\"etn-col-md-6 etn-col-lg-4\">\n        <div class=\"etn-event-item\">\n            <!-- thumbnail -->\n            <div class=\"etn-event-thumb\">\n                                    <a\n                        href=\"https:\/\/studiokappa.it\/test\/etn\/riumanizzare-la-scuola\/\"\n                        aria-label=\"Eventi\"\n                    >\n                        <img decoding=\"async\" src=\"https:\/\/studiokappa.it\/test\/wp-content\/uploads\/2025\/03\/2024.03.23-RiumanizzareScuola-ViterboOK.jpg\" alt=\"Image\">\n                    <\/a>\n                \n                <div class=\"etn-event-category\">\n                    <span>Simone Deflorian<\/span>                 <\/div>\n                            <\/div>\n            <!-- thumbnail start-->\n\n            <!-- content start-->\n            <div class=\"etn-event-content\">\n                                                            <div class=\"etn-event-location\">\n                            <i class=\"etn-icon etn-location\"><\/i>\n                            Viterbo                        <\/div>\n                    \n                \n                <h3 class=\"etn-title etn-event-title\"><a href=\"https:\/\/studiokappa.it\/test\/etn\/riumanizzare-la-scuola\/\">\n                    Riumanizzare la scuola<\/a>\n                <\/h3>\n                                    <p>\n                        Metodi e strumenti per modificare dall\u2019interno l\u2019approccio verso la crescita delle persone e la collaborazione in team \u201cSimone, sono veramente                    <\/p>\n                \n                <div class=\"etn-event-footer\">\n                    <div class=\"etn-event-date\">\n                        \t\t\t<span>\n\t\t\t\t<i class=\"etn-icon etn-calendar\"><\/i>\n\t\t\t\t23 Marzo 2024\t\t\t<\/span>\n\t\t                    <\/div>\n                    <div class=\"etn-atend-btn\">\n                                                <a href=\"#\"  class=\"etn-btn etn-btn-border etn-event-expired\">Scaduto! <\/a>\n                                            <\/div>\n                <\/div>\n            <\/div>\n                        <!-- content end-->\n        <\/div>\n        <!-- etn event item end-->\n    <\/div>\n        <div class=\"etn-col-md-6 etn-col-lg-4\">\n        <div class=\"etn-event-item\">\n            <!-- thumbnail -->\n            <div class=\"etn-event-thumb\">\n                                    <a\n                        href=\"https:\/\/studiokappa.it\/test\/etn\/il-potere-del-linguaggio\/\"\n                        aria-label=\"Eventi\"\n                    >\n                        <img decoding=\"async\" src=\"https:\/\/studiokappa.it\/test\/wp-content\/uploads\/2025\/03\/2024.02.09-PotereLinguaggio-PisaOK.jpg\" alt=\"Image\">\n                    <\/a>\n                \n                <div class=\"etn-event-category\">\n                    <span>Simone Deflorian<\/span>                 <\/div>\n                            <\/div>\n            <!-- thumbnail start-->\n\n            <!-- content start-->\n            <div class=\"etn-event-content\">\n                                                            <div class=\"etn-event-location\">\n                            <i class=\"etn-icon etn-location\"><\/i>\n                            Pisa                        <\/div>\n                    \n                \n                <h3 class=\"etn-title etn-event-title\"><a href=\"https:\/\/studiokappa.it\/test\/etn\/il-potere-del-linguaggio\/\">\n                    Il potere del linguaggio<\/a>\n                <\/h3>\n                                    <p>\n                        Training sull\u2019utilizzo del linguaggio nei processi partecipativi di trasformazione del mondo \u00a0 Il linguaggio costruisce il mondo, la rappresentazione che                    <\/p>\n                \n                <div class=\"etn-event-footer\">\n                    <div class=\"etn-event-date\">\n                        \t\t\t<span>\n\t\t\t\t<i class=\"etn-icon etn-calendar\"><\/i>\n\t\t\t\t09 Febbraio 2024\t\t\t<\/span>\n\t\t                    <\/div>\n                    <div class=\"etn-atend-btn\">\n                                                <a href=\"#\"  class=\"etn-btn etn-btn-border etn-event-expired\">Scaduto! <\/a>\n                                            <\/div>\n                <\/div>\n            <\/div>\n                        <!-- content end-->\n        <\/div>\n        <!-- etn event item end-->\n    <\/div>\n        <div class=\"etn-col-md-6 etn-col-lg-4\">\n        <div class=\"etn-event-item\">\n            <!-- thumbnail -->\n            <div class=\"etn-event-thumb\">\n                                    <a\n                        href=\"https:\/\/studiokappa.it\/test\/etn\/la-testa-pensa-dove-stanno-i-piedi-copy-copy\/\"\n                        aria-label=\"Eventi\"\n                    >\n                        <img decoding=\"async\" src=\"https:\/\/studiokappa.it\/test\/wp-content\/uploads\/2025\/03\/FreireBOrgoFuturo.jpg\" alt=\"Image\">\n                    <\/a>\n                \n                <div class=\"etn-event-category\">\n                    <span>Anna Zumbo<\/span> <span>Programma Alfabetizzare<\/span>                 <\/div>\n                            <\/div>\n            <!-- thumbnail start-->\n\n            <!-- content start-->\n            <div class=\"etn-event-content\">\n                                                            <div class=\"etn-event-location\">\n                            <i class=\"etn-icon etn-location\"><\/i>\n                             Bologna                        <\/div>\n                    \n                \n                <h3 class=\"etn-title etn-event-title\"><a href=\"https:\/\/studiokappa.it\/test\/etn\/la-testa-pensa-dove-stanno-i-piedi-copy-copy\/\">\n                    \u201cLa testa pensa dove stanno i piedi\u201d<\/a>\n                <\/h3>\n                                    <p>\n                        Formazione e sperimentazione dell\u2019approccio di P. Freire nei processi di accoglienza e insegnamento dell\u2019italiano ai migranti, Il Training si svolge                    <\/p>\n                \n                <div class=\"etn-event-footer\">\n                    <div class=\"etn-event-date\">\n                        \t\t\t<span>\n\t\t\t\t<i class=\"etn-icon etn-calendar\"><\/i>\n\t\t\t\t24 Giugno 2023\t\t\t<\/span>\n\t\t                    <\/div>\n                    <div class=\"etn-atend-btn\">\n                                                <a href=\"#\"  class=\"etn-btn etn-btn-border etn-event-expired\">Scaduto! <\/a>\n                                            <\/div>\n                <\/div>\n            <\/div>\n                        <!-- content end-->\n        <\/div>\n        <!-- etn event item end-->\n    <\/div>\n        <div class=\"etn-col-md-6 etn-col-lg-4\">\n        <div class=\"etn-event-item\">\n            <!-- thumbnail -->\n            <div class=\"etn-event-thumb\">\n                \n                <div class=\"etn-event-category\">\n                    <span>Anna Zumbo<\/span>                 <\/div>\n                            <\/div>\n            <!-- thumbnail start-->\n\n            <!-- content start-->\n            <div class=\"etn-event-content\">\n                                                            <div class=\"etn-event-location\">\n                            <i class=\"etn-icon etn-location\"><\/i>\n                            L&#039;ALtrove - Cantiere di Comunit\u00e0 - Narzole, Cn                        <\/div>\n                    \n                \n                <h3 class=\"etn-title etn-event-title\"><a href=\"https:\/\/studiokappa.it\/test\/etn\/insegnanti-che-progettano-il-proprio-futuro-training\/\">\n                    Insegnanti che progettano il proprio futuro<\/a>\n                <\/h3>\n                                    <p>\n                        Giornata di studio con insegnanti delle scuole di ogni ordine e grado che condividono la lettura socio-antropologica del tempo storico                    <\/p>\n                \n                <div class=\"etn-event-footer\">\n                    <div class=\"etn-event-date\">\n                        \t\t\t<span>\n\t\t\t\t<i class=\"etn-icon etn-calendar\"><\/i>\n\t\t\t\t03 Ottobre 2021\t\t\t<\/span>\n\t\t                    <\/div>\n                    <div class=\"etn-atend-btn\">\n                                                <a href=\"#\"  class=\"etn-btn etn-btn-border etn-event-expired\">Scaduto! <\/a>\n                                            <\/div>\n                <\/div>\n            <\/div>\n                        <!-- content end-->\n        <\/div>\n        <!-- etn event item end-->\n    <\/div>\n        <div class=\"etn-col-md-6 etn-col-lg-4\">\n        <div class=\"etn-event-item\">\n            <!-- thumbnail -->\n            <div class=\"etn-event-thumb\">\n                                    <a\n                        href=\"https:\/\/studiokappa.it\/test\/etn\/leco-pedagogia-circolo-di-cultura-con-professionisti-delleducazione\/\"\n                        aria-label=\"Eventi\"\n                    >\n                        <img decoding=\"async\" src=\"https:\/\/studiokappa.it\/test\/wp-content\/uploads\/2025\/05\/immagine_2025-05-23_141747165.png\" alt=\"Image\">\n                    <\/a>\n                \n                <div class=\"etn-event-category\">\n                    <span>Anna Zumbo<\/span>                 <\/div>\n                            <\/div>\n            <!-- thumbnail start-->\n\n            <!-- content start-->\n            <div class=\"etn-event-content\">\n                                                            <div class=\"etn-event-location\">\n                            <i class=\"etn-icon etn-location\"><\/i>\n                            L&#039;Altrove - Cantiere di Comunit\u00e0 - Narzole - Cn                        <\/div>\n                    \n                \n                <h3 class=\"etn-title etn-event-title\"><a href=\"https:\/\/studiokappa.it\/test\/etn\/leco-pedagogia-circolo-di-cultura-con-professionisti-delleducazione\/\">\n                    L\u2019eco-pedagogia \u2013 circolo di cultura con professionisti dell\u2019educazione<\/a>\n                <\/h3>\n                                    <p>\n                        Dall&#8217;insegnamento precursore di Paulo Freire, un gruppo di insegnanti, educatori, facilitatori e genitori e appassionati\u00a0 si incontrano per esplorare insieme                    <\/p>\n                \n                <div class=\"etn-event-footer\">\n                    <div class=\"etn-event-date\">\n                        \t\t\t<span>\n\t\t\t\t<i class=\"etn-icon etn-calendar\"><\/i>\n\t\t\t\t30 Agosto 2021\t\t\t<\/span>\n\t\t                    <\/div>\n                    <div class=\"etn-atend-btn\">\n                                                <a href=\"#\"  class=\"etn-btn etn-btn-border etn-event-expired\">Scaduto! <\/a>\n                                            <\/div>\n                <\/div>\n            <\/div>\n                        <!-- content end-->\n        <\/div>\n        <!-- etn event item end-->\n    <\/div>\n        <div class=\"etn-col-md-6 etn-col-lg-4\">\n        <div class=\"etn-event-item\">\n            <!-- thumbnail -->\n            <div class=\"etn-event-thumb\">\n                                    <a\n                        href=\"https:\/\/studiokappa.it\/test\/etn\/leducazione-e-pratica-di-liberta-quando-studiare-non-significa-acquisire-cultura-bensi-generare-la-possibilita-di-ri-crearla-torino-24-gennaio-2019\/\"\n                        aria-label=\"Eventi\"\n                    >\n                        <img decoding=\"async\" src=\"https:\/\/studiokappa.it\/test\/wp-content\/uploads\/2025\/05\/FB_IMG_1547248963482.jpg\" alt=\"Image\">\n                    <\/a>\n                \n                <div class=\"etn-event-category\">\n                    <span>Anna Zumbo<\/span>                 <\/div>\n                            <\/div>\n            <!-- thumbnail start-->\n\n            <!-- content start-->\n            <div class=\"etn-event-content\">\n                                                            <div class=\"etn-event-location\">\n                            <i class=\"etn-icon etn-location\"><\/i>\n                            Torino, Centro Sociale Il Gabrio                        <\/div>\n                    \n                \n                <h3 class=\"etn-title etn-event-title\"><a href=\"https:\/\/studiokappa.it\/test\/etn\/leducazione-e-pratica-di-liberta-quando-studiare-non-significa-acquisire-cultura-bensi-generare-la-possibilita-di-ri-crearla-torino-24-gennaio-2019\/\">\n                    L\u2019educazione \u00e8 pratica di libert\u00e0: quando studiare non significa acquisire cultura, bens\u00ec generare la possibilit\u00e0 di ri-crearla. Torino, 24 gennaio 2019.<\/a>\n                <\/h3>\n                                    <p>\n                        L&#8217;incontro \u00e8 organizzato dall&#8217;Ass.ne Malacat\u00f9 che promuove un progetto educativo per bambini homeschooler 3 &#8211; 11 anni ispirato all&#8217;approccio libertario.                    <\/p>\n                \n                <div class=\"etn-event-footer\">\n                    <div class=\"etn-event-date\">\n                        \t\t\t<span>\n\t\t\t\t<i class=\"etn-icon etn-calendar\"><\/i>\n\t\t\t\t24 Maggio 2019\t\t\t<\/span>\n\t\t                    <\/div>\n                    <div class=\"etn-atend-btn\">\n                                                <a href=\"#\"  class=\"etn-btn etn-btn-border etn-event-expired\">Scaduto! <\/a>\n                                            <\/div>\n                <\/div>\n            <\/div>\n                        <!-- content end-->\n        <\/div>\n        <!-- etn event item end-->\n    <\/div>\n        <div class=\"etn-col-md-6 etn-col-lg-4\">\n        <div class=\"etn-event-item\">\n            <!-- thumbnail -->\n            <div class=\"etn-event-thumb\">\n                \n                <div class=\"etn-event-category\">\n                    <span>Anna Zumbo<\/span> <span>Programma Alfabetizzare<\/span>                 <\/div>\n                            <\/div>\n            <!-- thumbnail start-->\n\n            <!-- content start-->\n            <div class=\"etn-event-content\">\n                                                            <div class=\"etn-event-location\">\n                            <i class=\"etn-icon etn-location\"><\/i>\n                            I.C. Via Volta Sanremo                        <\/div>\n                    \n                \n                <h3 class=\"etn-title etn-event-title\"><a href=\"https:\/\/studiokappa.it\/test\/etn\/la-testa-pensa-dove-stanno-i-piedi\/\">\n                    \u201cLa testa pensa dove stanno i piedi\u201d &#8211; Copy<\/a>\n                <\/h3>\n                                    <p>\n                        L&#8217;approccio pedagogico di Paulo Freire nei processi di accoglienza e alfabetizzazione dell epersone con background migratorio Il 6-7 Aprile 2019                    <\/p>\n                \n                <div class=\"etn-event-footer\">\n                    <div class=\"etn-event-date\">\n                        \t\t\t<span>\n\t\t\t\t<i class=\"etn-icon etn-calendar\"><\/i>\n\t\t\t\t06 Aprile 2019\t\t\t<\/span>\n\t\t                    <\/div>\n                    <div class=\"etn-atend-btn\">\n                                                <a href=\"#\"  class=\"etn-btn etn-btn-border etn-event-expired\">Scaduto! <\/a>\n                                            <\/div>\n                <\/div>\n            <\/div>\n                        <!-- content end-->\n        <\/div>\n        <!-- etn event item end-->\n    <\/div>\n        <div class=\"etn-col-md-6 etn-col-lg-4\">\n        <div class=\"etn-event-item\">\n            <!-- thumbnail -->\n            <div class=\"etn-event-thumb\">\n                \n                <div class=\"etn-event-category\">\n                    <span>Anna Zumbo<\/span> <span>Programma Alfabetizzare<\/span>                 <\/div>\n                            <\/div>\n            <!-- thumbnail start-->\n\n            <!-- content start-->\n            <div class=\"etn-event-content\">\n                                                            <div class=\"etn-event-location\">\n                            <i class=\"etn-icon etn-location\"><\/i>\n                            I.C. Via Volta Sanremo                        <\/div>\n                    \n                \n                <h3 class=\"etn-title etn-event-title\"><a href=\"https:\/\/studiokappa.it\/test\/etn\/la-testa-pensa-dove-stanno-i-piedi-training\/\">\n                    \u201cLa testa pensa dove stanno i piedi\u201d<\/a>\n                <\/h3>\n                                    <p>\n                        L&#8217;approccio pedagogico di Paulo Freire nei processi di accoglienza e alfabetizzazione dell epersone con background migratorio Il 6-7 Aprile 2019                    <\/p>\n                \n                <div class=\"etn-event-footer\">\n                    <div class=\"etn-event-date\">\n                        \t\t\t<span>\n\t\t\t\t<i class=\"etn-icon etn-calendar\"><\/i>\n\t\t\t\t06 Aprile 2019\t\t\t<\/span>\n\t\t                    <\/div>\n                    <div class=\"etn-atend-btn\">\n                                                <a href=\"#\"  class=\"etn-btn etn-btn-border etn-event-expired\">Scaduto! <\/a>\n                                            <\/div>\n                <\/div>\n            <\/div>\n                        <!-- content end-->\n        <\/div>\n        <!-- etn event item end-->\n    <\/div>\n        <div class=\"etn-col-md-6 etn-col-lg-4\">\n        <div class=\"etn-event-item\">\n            <!-- thumbnail -->\n            <div class=\"etn-event-thumb\">\n                                    <a\n                        href=\"https:\/\/studiokappa.it\/test\/etn\/leducazione-come-pratica-di-liberta-il-contributo-di-p-freire-alla-nostra-esperienza-di-educazione-libertaria\/\"\n                        aria-label=\"Eventi\"\n                    >\n                        <img decoding=\"async\" src=\"https:\/\/studiokappa.it\/test\/wp-content\/uploads\/2025\/04\/IMG-20190128-WA0009.jpg\" alt=\"Image\">\n                    <\/a>\n                \n                <div class=\"etn-event-category\">\n                    <span>Anna Zumbo<\/span>                 <\/div>\n                            <\/div>\n            <!-- thumbnail start-->\n\n            <!-- content start-->\n            <div class=\"etn-event-content\">\n                                                            <div class=\"etn-event-location\">\n                            <i class=\"etn-icon etn-location\"><\/i>\n                            Rimini                        <\/div>\n                    \n                \n                <h3 class=\"etn-title etn-event-title\"><a href=\"https:\/\/studiokappa.it\/test\/etn\/leducazione-come-pratica-di-liberta-il-contributo-di-p-freire-alla-nostra-esperienza-di-educazione-libertaria\/\">\n                    L\u2019educazione come pratica di libert\u00e0 \u2013 Il contributo di P. Freire alle esperienze di educazione libertaria<\/a>\n                <\/h3>\n                                    <p>\n                        Un nuovo Circolo di Cultura sul contributo della pedagogia critica dialogica alle esperienze di educazione non formali. L&#8217; incontro aperto                    <\/p>\n                \n                <div class=\"etn-event-footer\">\n                    <div class=\"etn-event-date\">\n                        \t\t\t<span>\n\t\t\t\t<i class=\"etn-icon etn-calendar\"><\/i>\n\t\t\t\t07 Dicembre 2018\t\t\t<\/span>\n\t\t                    <\/div>\n                    <div class=\"etn-atend-btn\">\n                                                <a href=\"#\"  class=\"etn-btn etn-btn-border etn-event-expired\">Scaduto! <\/a>\n                                            <\/div>\n                <\/div>\n            <\/div>\n                        <!-- content end-->\n        <\/div>\n        <!-- etn event item end-->\n    <\/div>\n        <div class=\"etn-col-md-6 etn-col-lg-4\">\n        <div class=\"etn-event-item\">\n            <!-- thumbnail -->\n            <div class=\"etn-event-thumb\">\n                                    <a\n                        href=\"https:\/\/studiokappa.it\/test\/etn\/chi-ha-paura-di-paulo-freire-educare-alla-liberta-alla-responsabilita-ed-alla-partecipazione\/\"\n                        aria-label=\"Eventi\"\n                    >\n                        <img decoding=\"async\" src=\"https:\/\/studiokappa.it\/test\/wp-content\/uploads\/2025\/05\/Chi-ha-Paura-di-pauolo-Freire_Calendario-eventi.jpg\" alt=\"Image\">\n                    <\/a>\n                \n                <div class=\"etn-event-category\">\n                    <span>Anna Zumbo<\/span>                 <\/div>\n                            <\/div>\n            <!-- thumbnail start-->\n\n            <!-- content start-->\n            <div class=\"etn-event-content\">\n                                                            <div class=\"etn-event-location\">\n                            <i class=\"etn-icon etn-location\"><\/i>\n                            Cinema Vekkio - Cornegliano D&#039;Alba, Cn                        <\/div>\n                    \n                \n                <h3 class=\"etn-title etn-event-title\"><a href=\"https:\/\/studiokappa.it\/test\/etn\/chi-ha-paura-di-paulo-freire-educare-alla-liberta-alla-responsabilita-ed-alla-partecipazione\/\">\n                    Chi ha paura di Paulo Freire? Educare alla libert\u00e0, alla responsabilit\u00e0 ed alla partecipazione<\/a>\n                <\/h3>\n                                    <p>\n                        Un grande incontro pubblico organizzato dalle Associazioni Lauto Educare di Alba e Popoli in Arte di Sanremo, in collaborazione con                    <\/p>\n                \n                <div class=\"etn-event-footer\">\n                    <div class=\"etn-event-date\">\n                        \t\t\t<span>\n\t\t\t\t<i class=\"etn-icon etn-calendar\"><\/i>\n\t\t\t\t27 Gennaio 2018\t\t\t<\/span>\n\t\t                    <\/div>\n                    <div class=\"etn-atend-btn\">\n                                                <a href=\"#\"  class=\"etn-btn etn-btn-border etn-event-expired\">Scaduto! <\/a>\n                                            <\/div>\n                <\/div>\n            <\/div>\n                        <!-- content end-->\n        <\/div>\n        <!-- etn event item end-->\n    <\/div>\n    <\/div>\n\n\t\t\t\t<\/div>\n\t\t\t\t<\/div>\n\t\t\t\t\t<\/div>\n\t\t\t\t<\/div>\n\t\t\t\t\t<\/div>\n\t\t\t\t<\/div>\n\t\t\t\t<\/div>\n\t\t","protected":false},"excerpt":{"rendered":"<p>TUTTI GLI EVENTI Simone Deflorian Rimini Smascherare i Meta-Messaggi dei Media I media non sono neutri, comunicano qualcosa per qualche motivo. Quale? Perch\u00e9? Il momento storico che viviamo \u00e8 quello medico, 21 Nov 2025 Attend Simone Deflorian Bolzano Scuola di Alta Formazione per Maieuti Dolciani Facilitare i Laboratori Maieutici di Danilo Dolci per l\u2019attivazione delle [&hellip;]<\/p>\n","protected":false},"author":5,"featured_media":0,"parent":0,"menu_order":0,"comment_status":"closed","ping_status":"closed","template":"elementor_header_footer","meta":{"_acf_changed":false,"_eb_attr":"","footnotes":""},"class_list":["post-297","page","type-page","status-publish","hentry"],"acf":[],"rttpg_featured_image_url":null,"rttpg_author":{"display_name":"Studio Kappa","author_link":"https:\/\/studiokappa.it\/test\/author\/studiokappa\/"},"rttpg_comment":0,"rttpg_category":null,"rttpg_excerpt":"TUTTI GLI EVENTI Simone Deflorian Rimini Smascherare i Meta-Messaggi dei Media I media non sono neutri, comunicano qualcosa per qualche motivo. Quale? Perch\u00e9? Il momento storico che viviamo \u00e8 quello medico, 21 Nov 2025 Attend Simone Deflorian Bolzano Scuola di Alta Formazione per Maieuti Dolciani Facilitare i Laboratori Maieutici di Danilo Dolci per l\u2019attivazione delle&hellip;","_links":{"self":[{"href":"https:\/\/studiokappa.it\/test\/wp-json\/wp\/v2\/pages\/297","targetHints":{"allow":["GET"]}}],"collection":[{"href":"https:\/\/studiokappa.it\/test\/wp-json\/wp\/v2\/pages"}],"about":[{"href":"https:\/\/studiokappa.it\/test\/wp-json\/wp\/v2\/types\/page"}],"author":[{"embeddable":true,"href":"https:\/\/studiokappa.it\/test\/wp-json\/wp\/v2\/users\/5"}],"replies":[{"embeddable":true,"href":"https:\/\/studiokappa.it\/test\/wp-json\/wp\/v2\/comments?post=297"}],"version-history":[{"count":74,"href":"https:\/\/studiokappa.it\/test\/wp-json\/wp\/v2\/pages\/297\/revisions"}],"predecessor-version":[{"id":22703,"href":"https:\/\/studiokappa.it\/test\/wp-json\/wp\/v2\/pages\/297\/revisions\/22703"}],"wp:attachment":[{"href":"https:\/\/studiokappa.it\/test\/wp-json\/wp\/v2\/media?parent=297"}],"curies":[{"name":"wp","href":"https:\/\/api.w.org\/{rel}","templated":true}]}}