{"id":21903,"date":"2025-01-16T12:47:31","date_gmt":"2025-01-16T12:47:31","guid":{"rendered":"https:\/\/studiokappa.it\/test\/?page_id=21903"},"modified":"2025-05-23T08:38:23","modified_gmt":"2025-05-23T08:38:23","slug":"la-settimana-nazionale-con-il-metodo-di-paulo-freire","status":"publish","type":"page","link":"https:\/\/studiokappa.it\/test\/la-settimana-nazionale-con-il-metodo-di-paulo-freire\/","title":{"rendered":"ok La Settimana Nazionale del Freire"},"content":{"rendered":"\t\t<div data-elementor-type=\"wp-page\" data-elementor-id=\"21903\" class=\"elementor elementor-21903\" data-elementor-post-type=\"page\">\n\t\t\t\t<div class=\"elementor-element elementor-element-145b5e1 e-flex e-con-boxed e-con e-parent\" data-id=\"145b5e1\" data-element_type=\"container\" data-e-type=\"container\">\n\t\t\t\t\t<div class=\"e-con-inner\">\n\t\t\t\t<div class=\"elementor-element elementor-element-8487251 elementor-widget elementor-widget-image\" data-id=\"8487251\" data-element_type=\"widget\" data-e-type=\"widget\" data-widget_type=\"image.default\">\n\t\t\t\t<div class=\"elementor-widget-container\">\n\t\t\t\t\t\t\t\t\t\t\t\t\t\t\t<img fetchpriority=\"high\" decoding=\"async\" width=\"600\" height=\"450\" src=\"https:\/\/studiokappa.it\/test\/wp-content\/uploads\/2025\/03\/SNF-Modica.jpg\" class=\"attachment-full size-full wp-image-23042\" alt=\"\" srcset=\"https:\/\/studiokappa.it\/test\/wp-content\/uploads\/2025\/03\/SNF-Modica.jpg 600w, https:\/\/studiokappa.it\/test\/wp-content\/uploads\/2025\/03\/SNF-Modica-300x225.jpg 300w\" sizes=\"(max-width: 600px) 100vw, 600px\" \/>\t\t\t\t\t\t\t\t\t\t\t\t\t\t\t<\/div>\n\t\t\t\t<\/div>\n\t\t\t\t\t<\/div>\n\t\t\t\t<\/div>\n\t\t<div class=\"elementor-element elementor-element-8444362 e-flex e-con-boxed e-con e-parent\" data-id=\"8444362\" data-element_type=\"container\" data-e-type=\"container\">\n\t\t\t\t\t<div class=\"e-con-inner\">\n\t\t\t\t<div class=\"elementor-element elementor-element-d5482fa elementor-widget elementor-widget-text-editor\" data-id=\"d5482fa\" data-element_type=\"widget\" data-e-type=\"widget\" data-widget_type=\"text-editor.default\">\n\t\t\t\t<div class=\"elementor-widget-container\">\n\t\t\t\t\t\t\t\t\t<p style=\"text-align: left;\"><strong>La &#8220;Settimana nazionale con il metodo di coscientizzazione di Paulo Freire&#8221;<\/strong><\/p>\t\t\t\t\t\t\t\t<\/div>\n\t\t\t\t<\/div>\n\t\t\t\t\t<\/div>\n\t\t\t\t<\/div>\n\t\t<div class=\"elementor-element elementor-element-c3f9c12 e-flex e-con-boxed e-con e-parent\" data-id=\"c3f9c12\" data-element_type=\"container\" data-e-type=\"container\">\n\t\t\t\t\t<div class=\"e-con-inner\">\n\t\t\t\t<div class=\"elementor-element elementor-element-4a0ba8b elementor-widget elementor-widget-text-editor\" data-id=\"4a0ba8b\" data-element_type=\"widget\" data-e-type=\"widget\" data-widget_type=\"text-editor.default\">\n\t\t\t\t<div class=\"elementor-widget-container\">\n\t\t\t\t\t\t\t\t\t<p>Da met\u00e0 degli anni \u201990\u00a0<a title=\"Vai alla pagina di Simone Deflorian\" href=\"http:\/\/www.studiokappa.it\/?page_id=108\" target=\"_blank\" rel=\"noopener noreferrer\"><strong>Simone Deflorian<\/strong><\/a>\u00a0conduce in estate la\u00a0<strong>Settimana Nazionale<\/strong>\u00a0con il\u00a0<strong>Metodo di Coscientizzazione di Paulo Freire<\/strong>.<\/p><p>Il formatore dapprima ha accompagnato nella conduzione\u00a0<a title=\"Vai alla pagina di Gino Piccio su Wikipedia\" href=\"https:\/\/it.wikipedia.org\/wiki\/Gino_Piccio\" target=\"_blank\" rel=\"noopener noreferrer\"><strong>Gino Piccio<\/strong><\/a>, poi da alcuni anni sta conducendo in prima persona questo evento formativo residenziale e gratuito a cui partecipano persone (operatori pedagogici, professionisti, insegnanti, psicologi, cittadini, etc.) provenienti da tutta Italia e in taluni casi dall\u2019estero.<\/p><p>Nella\u00a0<strong>Settimana Nazionale con il Metodo di Coscientizzazione di Paulo Freire<\/strong>\u00a0si sperimenta direttamente e tenta un\u2019applicazione del Metodo del pedagogista brasiliano, per come lo si pu\u00f2 ritrovare in\u00a0<a title=\"Acquista il testo\" href=\"https:\/\/www.ibs.it\/pedagogia-degli-oppressi-libro-paulo-freire\/e\/9788865791790\" target=\"_blank\" rel=\"noopener noreferrer\"><strong>Pedagogia degli Oppressi<\/strong><\/a>\u00a0(Edizioni Gruppo Abele), secondo la particolare rielaborazione e adattamento effettuato da Gino Piccio.<\/p><p>Il lavoro non prevede lezioni di tipo frontale, quanto piuttosto, in linea con l\u2019approccio freireiano, il percorso formativo ha\u00a0<strong>carattere sperimentale<\/strong>. Non si tratta di una settimana di simulazione o di role playing, ma di una settimana di vera e propria\u00a0<strong>applicazione diretta<\/strong>\u00a0di tale metodo pedagogico.<\/p><p>Le giornate sono scandite da un momento di lavoro manuale al mattino, da momenti di ricerca e sperimentazione al pomeriggio e da alcuni esercizi alla sera. Il lavoro di applicazione del metodo interessa trasversalmente tutti questi momenti della giornata.<\/p><p>Da alcuni anni collaborano stabilmente alla realizzazione dell\u2019evento anche\u00a0<a title=\"Vai alla pagina di Anna Zumbo\" href=\"http:\/\/www.studiokappa.it\/?page_id=4555\" target=\"_blank\" rel=\"noopener noreferrer\"><strong>Anna Zumbo<\/strong><\/a>, Irene Romeo e Rocco Paolo Padovano.<\/p><p><a href=\"https:\/\/studiokappa.it\/test\/wp-admin\/post.php?post=22927&amp;action=elementor\">Storia della Settiman Nazionale del Freire<\/a><\/p>\t\t\t\t\t\t\t\t<\/div>\n\t\t\t\t<\/div>\n\t\t\t\t\t<\/div>\n\t\t\t\t<\/div>\n\t\t<div class=\"elementor-element elementor-element-7fbe76c e-flex e-con-boxed e-con e-parent\" data-id=\"7fbe76c\" data-element_type=\"container\" data-e-type=\"container\">\n\t\t\t\t\t<div class=\"e-con-inner\">\n\t\t<div class=\"elementor-element elementor-element-12b8ba6 e-con-full e-flex e-con e-child\" data-id=\"12b8ba6\" data-element_type=\"container\" data-e-type=\"container\">\n\t\t\t\t<div class=\"elementor-element elementor-element-0bf3518 elementor-widget elementor-widget-video\" data-id=\"0bf3518\" data-element_type=\"widget\" data-e-type=\"widget\" data-settings=\"{&quot;youtube_url&quot;:&quot;https:\\\/\\\/youtu.be\\\/T-EtR3JBxqQ&quot;,&quot;autoplay&quot;:&quot;yes&quot;,&quot;loop&quot;:&quot;yes&quot;,&quot;video_type&quot;:&quot;youtube&quot;,&quot;controls&quot;:&quot;yes&quot;}\" data-widget_type=\"video.default\">\n\t\t\t\t<div class=\"elementor-widget-container\">\n\t\t\t\t\t\t\t<div class=\"elementor-wrapper elementor-open-inline\">\n\t\t\t<div class=\"elementor-video\"><\/div>\t\t<\/div>\n\t\t\t\t\t\t<\/div>\n\t\t\t\t<\/div>\n\t\t\t\t<\/div>\n\t\t\t\t<div class=\"elementor-element elementor-element-5d21d06 elementor-widget elementor-widget-text-editor\" data-id=\"5d21d06\" data-element_type=\"widget\" data-e-type=\"widget\" data-widget_type=\"text-editor.default\">\n\t\t\t\t<div class=\"elementor-widget-container\">\n\t\t\t\t\t\t\t\t\t<p>Partecipa alla prossima edizione<\/p>\t\t\t\t\t\t\t\t<\/div>\n\t\t\t\t<\/div>\n\t\t\t\t\t<\/div>\n\t\t\t\t<\/div>\n\t\t<div class=\"elementor-element elementor-element-97a3e76 e-flex e-con-boxed e-con e-parent\" data-id=\"97a3e76\" data-element_type=\"container\" data-e-type=\"container\">\n\t\t\t\t\t<div class=\"e-con-inner\">\n\t\t\t\t<div class=\"elementor-element elementor-element-e38c105 elementor-widget elementor-widget-text-editor\" data-id=\"e38c105\" data-element_type=\"widget\" data-e-type=\"widget\" data-widget_type=\"text-editor.default\">\n\t\t\t\t<div class=\"elementor-widget-container\">\n\t\t\t\t\t\t\t\t\t<p>La partecipazione \u00e8 riservata a uomini e donne maggiori di 20 anni. Possono partecipare alla\u00a0<strong>Settimana Nazionale con il Metodo di Coscientizzazione di Paulo Freire<\/strong>\u00a0solo coloro che possono fermarsi per l\u2019intera durata del percorso formativo.<\/p><p>La settimana \u00e8 a numero chiuso ed \u00e8\u00a0<strong>autogestita<\/strong>; ci\u00f2 significa che costi dei consumi (vitto, utenze e materiali) sono suddivisi tra i partecipanti.<\/p><p>Per effettuare l\u2019iscrizione occorre versare un acconto di 100\u20ac a copertura di tali costi. Tale acconto viene scalato dal computo complessivo dei consumi effettuati e restituita l\u2019eccedenza al termine della settimana. Nel caso di impossibilit\u00e0 di uno degli iscritti a partecipare all\u2019evento, tale acconto non viene restituito. \u00c8, invece, completamente restituito a tutti i partecipanti nel caso in cui, per motivi di forza maggiore, non sia realizzata tale settimana formativa.<\/p><p><a title=\"Scarica la brochure del percorso formativo\" href=\"https:\/\/www.studiokappa.it\/wp-content\/uploads\/2025\/02\/2025.08.25-SettimanaFreire-TrappetoA4.pdf\" target=\"_blank\" rel=\"noopener noreferrer\">Scarica il\u00a0<strong>depliant<\/strong>\u00a0della prossima Settimana Nazionale con il Metodo di Coscientizzazione di Paulo Freire<\/a>.<\/p><p><a title=\"Leggi le Faq\" href=\"https:\/\/studiokappa.it\/test\/wp-admin\/post.php?post=22945&amp;action=elementor\" target=\"_blank\" rel=\"noopener noreferrer\">Cosa \u00e8 e cosa si fa nella Settimana del Freire ? Leggi le <strong>Faq<\/strong>\u00a0e trova tutte le risposte<\/a>.<\/p><p><a title=\"Vai alla Rassegna Video\" href=\"http:\/\/www.studiokappa.it\/?page_id=4155\">Vai alla\u00a0<strong>Rassegna Video<\/strong>\u00a0dove puoi trovare anche alcuni filmati relativi all\u2019evento formativo<\/a>.<\/p><p><a title=\"Vai alla pagina Facebook della Settimana del Freire\" href=\"https:\/\/www.facebook.com\/SettimanaFreire\/\" target=\"_blank\" rel=\"noopener noreferrer\">Vai alla pagina\u00a0<strong>Facebook<\/strong>\u00a0dell\u2019evento<\/a>.<\/p>\t\t\t\t\t\t\t\t<\/div>\n\t\t\t\t<\/div>\n\t\t\t\t\t<\/div>\n\t\t\t\t<\/div>\n\t\t<div class=\"elementor-element elementor-element-471b586 e-flex e-con-boxed e-con e-parent\" data-id=\"471b586\" data-element_type=\"container\" data-e-type=\"container\">\n\t\t\t\t\t<div class=\"e-con-inner\">\n\t\t\t\t<div class=\"elementor-element elementor-element-7334bda elementor-align-center elementor-widget elementor-widget-button\" data-id=\"7334bda\" data-element_type=\"widget\" data-e-type=\"widget\" data-widget_type=\"button.default\">\n\t\t\t\t<div class=\"elementor-widget-container\">\n\t\t\t\t\t\t\t\t\t<div class=\"elementor-button-wrapper\">\n\t\t\t\t\t<a class=\"elementor-button elementor-button-link elementor-size-sm\" href=\"#\">\n\t\t\t\t\t\t<span class=\"elementor-button-content-wrapper\">\n\t\t\t\t\t\t\t\t\t<span class=\"elementor-button-text\"> MODULO DI ISCRIZIONE<\/span>\n\t\t\t\t\t<\/span>\n\t\t\t\t\t<\/a>\n\t\t\t\t<\/div>\n\t\t\t\t\t\t\t\t<\/div>\n\t\t\t\t<\/div>\n\t\t\t\t\t<\/div>\n\t\t\t\t<\/div>\n\t\t<div class=\"elementor-element elementor-element-5a2f108 e-flex e-con-boxed e-con e-parent\" data-id=\"5a2f108\" data-element_type=\"container\" data-e-type=\"container\">\n\t\t\t\t\t<div class=\"e-con-inner\">\n\t\t\t\t<div class=\"elementor-element elementor-element-1faea7a elementor-widget elementor-widget-heading\" data-id=\"1faea7a\" data-element_type=\"widget\" data-e-type=\"widget\" data-widget_type=\"heading.default\">\n\t\t\t\t<div class=\"elementor-widget-container\">\n\t\t\t\t\t<h2 class=\"elementor-heading-title elementor-size-default\">\n\nCandida il tuo territorio<\/h2>\t\t\t\t<\/div>\n\t\t\t\t<\/div>\n\t\t<div class=\"elementor-element elementor-element-e37b6c5 e-con-full e-flex e-con e-child\" data-id=\"e37b6c5\" data-element_type=\"container\" data-e-type=\"container\">\n\t\t\t\t<\/div>\n\t\t\t\t<div class=\"elementor-element elementor-element-e238dd2 elementor-widget elementor-widget-text-editor\" data-id=\"e238dd2\" data-element_type=\"widget\" data-e-type=\"widget\" data-widget_type=\"text-editor.default\">\n\t\t\t\t<div class=\"elementor-widget-container\">\n\t\t\t\t\t\t\t\t\t<p>I territori possono presentare la propria candidatura ad ospitare l\u2019evento entro il 31 Dicembre.<br>Possono candidarsi i territori che hanno in essere progetti di sviluppo locale partecipato, cittadinanza attiva, democrazia deliberativa e partecipazione civica o un potenziale di sviluppo il cui comitato territoriale proponente (comunit\u00e0 locale) pu\u00f2 rappresentare.<br>Dopo un\u2019accurata selezione, ogni anno viene scelto il territorio maggiormente rappresentativo di tali aspetti di mobilitazione e partecipazione civica della comunit\u00e0 locale (empowerment di comunit\u00e0).<br>La comunit\u00e0 vincitrice vedr\u00e0 realizzato sul proprio territorio un intervento con il metodo del brasiliano della durata di una settimana con la presenza di circa 30 esperti che arrivano da tutta Italia.<\/p>\n<p>L\u2019intervento con il metodo del Freire \u00e8 stato realizzato in molte regioni d\u2019Italia e accolto con entusiasmo dalle comunit\u00e0 locali che hanno ospitato l\u2019evento.<\/p>\n<p>Il territorio, la comunit\u00e0, il gruppo, l\u2019associazione vincitrici ospitano l\u2019intervento sul proprio territorio, curando la parte logistica con la stretta direzione dello staff.<\/p>\n<p>Ogni territorio pu\u00f2 presentare la candidatura per uno degli anni seguenti.<\/p>\n<p>Il territorio vincitore si occupa di<\/p>\n<p><img decoding=\"async\" src=\"https:\/\/lh4.googleusercontent.com\/-KUnM_IO-hAs\/TgZgN0tqEuI\/AAAAAAAAAZk\/Cachu2JnhXM\/bullet.gif\" alt=\" \" width=\"12\" height=\"11\" border=\"0\"> individuare una struttura idonea per realizzare l\u2019intervento e per accogliere gli esperti;<\/p>\n<p><img decoding=\"async\" src=\"https:\/\/lh4.googleusercontent.com\/-KUnM_IO-hAs\/TgZgN0tqEuI\/AAAAAAAAAZk\/Cachu2JnhXM\/bullet.gif\" alt=\" \" width=\"12\" height=\"11\" border=\"0\"> facilitare i rapporti con la comunit\u00e0 locale;<\/p>\n<p><img decoding=\"async\" src=\"https:\/\/lh4.googleusercontent.com\/-KUnM_IO-hAs\/TgZgN0tqEuI\/AAAAAAAAAZk\/Cachu2JnhXM\/bullet.gif\" alt=\" \" width=\"12\" height=\"11\" border=\"0\"> essere il punto logistico per l\u2019organizzazione dell\u2019evento, seguendo le indicazioni dello staff.<\/p>\n<p>Termine per presentare la candidatura del proprio territorio per l\u2019estate successiva:&nbsp;31 Dicembre dell\u2019anno precedente.<br><em><br><\/em><a title=\"Candida il tuo territorio\" href=\"http:\/\/www.studiokappa.it\/?page_id=17829\" target=\"_blank\" rel=\"noopener noreferrer\">Vuoi candidare il tuo territorio e portare la Settimana Nazionale del Freire nella tua zona? <\/a><\/p>\n<p><a title=\"Candida il tuo territorio\" href=\"http:\/\/www.studiokappa.it\/?page_id=17829\" target=\"_blank\" rel=\"noopener noreferrer\">Compila il form e <strong>presenta la candidatura del tuo territorio<\/strong><\/a>.<\/p>\t\t\t\t\t\t\t\t<\/div>\n\t\t\t\t<\/div>\n\t\t\t\t<div class=\"elementor-element elementor-element-28e5112 elementor-align-center elementor-widget elementor-widget-button\" data-id=\"28e5112\" data-element_type=\"widget\" data-e-type=\"widget\" data-widget_type=\"button.default\">\n\t\t\t\t<div class=\"elementor-widget-container\">\n\t\t\t\t\t\t\t\t\t<div class=\"elementor-button-wrapper\">\n\t\t\t\t\t<a class=\"elementor-button elementor-button-link elementor-size-sm\" href=\"#\">\n\t\t\t\t\t\t<span class=\"elementor-button-content-wrapper\">\n\t\t\t\t\t\t\t\t\t<span class=\"elementor-button-text\">CANDIDA IL TUO TERRITORIO<\/span>\n\t\t\t\t\t<\/span>\n\t\t\t\t\t<\/a>\n\t\t\t\t<\/div>\n\t\t\t\t\t\t\t\t<\/div>\n\t\t\t\t<\/div>\n\t\t<div class=\"elementor-element elementor-element-5be51a2 e-con-full e-flex e-con e-child\" data-id=\"5be51a2\" data-element_type=\"container\" data-e-type=\"container\">\n\t\t\t\t<div class=\"elementor-element elementor-element-f3b535c elementor-widget elementor-widget-heading\" data-id=\"f3b535c\" data-element_type=\"widget\" data-e-type=\"widget\" data-widget_type=\"heading.default\">\n\t\t\t\t<div class=\"elementor-widget-container\">\n\t\t\t\t\t<h2 class=\"elementor-heading-title elementor-size-default\">Docu-Forum \u201cL\u2019educazione come pratica della libert\u00e0\u201d<\/h2>\t\t\t\t<\/div>\n\t\t\t\t<\/div>\n\t\t\t\t<\/div>\n\t\t\t\t<div class=\"elementor-element elementor-element-fcd9f8f elementor-widget elementor-widget-text-editor\" data-id=\"fcd9f8f\" data-element_type=\"widget\" data-e-type=\"widget\" data-widget_type=\"text-editor.default\">\n\t\t\t\t<div class=\"elementor-widget-container\">\n\t\t\t\t\t\t\t\t\t<p>\u201cL\u2019educazione come pratica della libert\u00e0\u201d \u00e8 uno dei testi pi\u00f9 importanti della bibliografia di Paulo Freire.<\/p>\n<p>E\u2019 anche una recente opera documentaristica del regista torinese Enrico Venditti e Tele EMA Productions. Il breve documentario tratta di alcune delle pi\u00f9 importanti applicazioni in Italia del Metodo di Coscientizzazione e di Liberazione del pedagogista brasiliano. Traccia anche alcuni degli spunti caratterizzanti il suo pensiero, approccio e intervento.<\/p>\n<p>La proiezione del cortometraggio viene seguita da un momento di sperimentazione di alcuni spunti del Metodo di Coscientizzazione con il pubblico presente.<\/p>\n<p>Il documentario <strong>non \u00e8 disponibile online<\/strong>, ma solo attraverso una proiezione con una partecipazione attiva diretta del pubblico interessato.<\/p>\n<p>La prima \u00e8 stata realizzata a Milano e successive proiezioni sono state realizzate a Torino e Trento.<\/p>\n<p>L\u2019organizzatore si occupa di<\/p>\n<p><img decoding=\"async\" src=\"https:\/\/lh4.googleusercontent.com\/-KUnM_IO-hAs\/TgZgN0tqEuI\/AAAAAAAAAZk\/Cachu2JnhXM\/bullet.gif\" alt=\" \" width=\"12\" height=\"11\" border=\"0\"> individuare la sala di proiezione;<\/p>\n<p><img decoding=\"async\" src=\"https:\/\/lh4.googleusercontent.com\/-KUnM_IO-hAs\/TgZgN0tqEuI\/AAAAAAAAAZk\/Cachu2JnhXM\/bullet.gif\" alt=\" \" width=\"12\" height=\"11\" border=\"0\"> pubblicizzare l\u2019evento sul territorio;<\/p>\n<p><img decoding=\"async\" src=\"https:\/\/lh4.googleusercontent.com\/-KUnM_IO-hAs\/TgZgN0tqEuI\/AAAAAAAAAZk\/Cachu2JnhXM\/bullet.gif\" alt=\" \" width=\"12\" height=\"11\" border=\"0\"> coprire i costi effettivi (viaggio, vitto e alloggio, se necessari) per la presenza del formatore;<\/p>\n<p><img decoding=\"async\" src=\"https:\/\/lh4.googleusercontent.com\/-KUnM_IO-hAs\/TgZgN0tqEuI\/AAAAAAAAAZk\/Cachu2JnhXM\/bullet.gif\" alt=\" \" width=\"12\" height=\"11\" border=\"0\"> mettere a disposizione cartelloni, pennarelli e fotocopie.<br><br><a style=\"text-decoration: none;\" title=\"Vai alla pagina di presentazione del docu-forum\" href=\"http:\/\/www.studiokappa.it\/?page_id=18002\" target=\"_blank\" rel=\"noopener noreferrer\">Vai alla pagina di presentazione del docu-forum e delle date del tour<\/a>.<br><br><a style=\"text-decoration: none;\" title=\"Richiedi la proiezione\" href=\"http:\/\/www.studiokappa.it\/?page_id=17865\" target=\"_blank\" rel=\"noopener noreferrer\">Hai un cinema, un teatro, un circolo, un salone parrochiale, oppure sei una scuola, un\u2019associazione, un gruppo spontaneo e vuoi proiettare \u201cL\u2019educazione come pratica della libert\u00e0\u201d?<\/a><br><a style=\"text-decoration: none;\" title=\"Richiedi la proiezione\" href=\"http:\/\/www.studiokappa.it\/?page_id=17865\" target=\"_blank\" rel=\"noopener noreferrer\"><br><\/a><a style=\"text-decoration: none;\" title=\"Richiedi la proiezione\" href=\"http:\/\/www.studiokappa.it\/?page_id=17865\" target=\"_blank\" rel=\"noopener noreferrer\"><strong>Richiedi la proiezione del docu-forum<\/strong><\/a>.<\/p>\t\t\t\t\t\t\t\t<\/div>\n\t\t\t\t<\/div>\n\t\t<div class=\"elementor-element elementor-element-9224b77 e-con-full e-flex e-con e-child\" data-id=\"9224b77\" data-element_type=\"container\" data-e-type=\"container\">\n\t\t\t\t<div class=\"elementor-element elementor-element-09f96c5 elementor-align-center elementor-widget elementor-widget-button\" data-id=\"09f96c5\" data-element_type=\"widget\" data-e-type=\"widget\" data-widget_type=\"button.default\">\n\t\t\t\t<div class=\"elementor-widget-container\">\n\t\t\t\t\t\t\t\t\t<div class=\"elementor-button-wrapper\">\n\t\t\t\t\t<a class=\"elementor-button elementor-button-link elementor-size-sm\" href=\"#\">\n\t\t\t\t\t\t<span class=\"elementor-button-content-wrapper\">\n\t\t\t\t\t\t\t\t\t<span class=\"elementor-button-text\">RICHIEDI LA PROIEZIONE DEL DOCU-FORUM<\/span>\n\t\t\t\t\t<\/span>\n\t\t\t\t\t<\/a>\n\t\t\t\t<\/div>\n\t\t\t\t\t\t\t\t<\/div>\n\t\t\t\t<\/div>\n\t\t\t\t<\/div>\n\t\t\t\t\t<\/div>\n\t\t\t\t<\/div>\n\t\t\t\t<\/div>\n\t\t","protected":false},"excerpt":{"rendered":"<p>La &#8220;Settimana nazionale con il metodo di coscientizzazione di Paulo Freire&#8221; Da met\u00e0 degli anni \u201990\u00a0Simone Deflorian\u00a0conduce in estate la\u00a0Settimana Nazionale\u00a0con il\u00a0Metodo di Coscientizzazione di Paulo Freire. Il formatore dapprima ha accompagnato nella conduzione\u00a0Gino Piccio, poi da alcuni anni sta conducendo in prima persona questo evento formativo residenziale e gratuito a cui partecipano persone (operatori [&hellip;]<\/p>\n","protected":false},"author":5,"featured_media":0,"parent":0,"menu_order":0,"comment_status":"closed","ping_status":"closed","template":"","meta":{"_acf_changed":false,"_eb_attr":"","footnotes":""},"class_list":["post-21903","page","type-page","status-publish","hentry"],"acf":[],"rttpg_featured_image_url":null,"rttpg_author":{"display_name":"Studio Kappa","author_link":"https:\/\/studiokappa.it\/test\/author\/studiokappa\/"},"rttpg_comment":0,"rttpg_category":null,"rttpg_excerpt":"La &#8220;Settimana nazionale con il metodo di coscientizzazione di Paulo Freire&#8221; Da met\u00e0 degli anni \u201990\u00a0Simone Deflorian\u00a0conduce in estate la\u00a0Settimana Nazionale\u00a0con il\u00a0Metodo di Coscientizzazione di Paulo Freire. Il formatore dapprima ha accompagnato nella conduzione\u00a0Gino Piccio, poi da alcuni anni sta conducendo in prima persona questo evento formativo residenziale e gratuito a cui partecipano persone (operatori&hellip;","_links":{"self":[{"href":"https:\/\/studiokappa.it\/test\/wp-json\/wp\/v2\/pages\/21903","targetHints":{"allow":["GET"]}}],"collection":[{"href":"https:\/\/studiokappa.it\/test\/wp-json\/wp\/v2\/pages"}],"about":[{"href":"https:\/\/studiokappa.it\/test\/wp-json\/wp\/v2\/types\/page"}],"author":[{"embeddable":true,"href":"https:\/\/studiokappa.it\/test\/wp-json\/wp\/v2\/users\/5"}],"replies":[{"embeddable":true,"href":"https:\/\/studiokappa.it\/test\/wp-json\/wp\/v2\/comments?post=21903"}],"version-history":[{"count":53,"href":"https:\/\/studiokappa.it\/test\/wp-json\/wp\/v2\/pages\/21903\/revisions"}],"predecessor-version":[{"id":23674,"href":"https:\/\/studiokappa.it\/test\/wp-json\/wp\/v2\/pages\/21903\/revisions\/23674"}],"wp:attachment":[{"href":"https:\/\/studiokappa.it\/test\/wp-json\/wp\/v2\/media?parent=21903"}],"curies":[{"name":"wp","href":"https:\/\/api.w.org\/{rel}","templated":true}]}}