{"id":21761,"date":"2025-01-13T15:40:49","date_gmt":"2025-01-13T15:40:49","guid":{"rendered":"https:\/\/studiokappa.it\/test\/?page_id=21761"},"modified":"2025-04-29T14:15:29","modified_gmt":"2025-04-29T14:15:29","slug":"elementor-21761","status":"publish","type":"page","link":"https:\/\/studiokappa.it\/test\/elementor-21761\/","title":{"rendered":"La Comunit\u00e0 Professionale"},"content":{"rendered":"\t\t<div data-elementor-type=\"wp-page\" data-elementor-id=\"21761\" class=\"elementor elementor-21761\" data-elementor-post-type=\"page\">\n\t\t\t\t<div class=\"elementor-element elementor-element-d372264 e-flex e-con-boxed e-con e-parent\" data-id=\"d372264\" data-element_type=\"container\" data-e-type=\"container\">\n\t\t\t\t\t<div class=\"e-con-inner\">\n\t\t\t\t<div class=\"elementor-element elementor-element-dc29bd2 elementor-widget elementor-widget-image\" data-id=\"dc29bd2\" data-element_type=\"widget\" data-e-type=\"widget\" data-widget_type=\"image.default\">\n\t\t\t\t<div class=\"elementor-widget-container\">\n\t\t\t\t\t\t\t\t\t\t\t\t\t\t\t<img decoding=\"async\" src=\"https:\/\/studiokappa.it\/test\/wp-content\/plugins\/elementor\/assets\/images\/placeholder.png\" title=\"\" alt=\"\" loading=\"lazy\" \/>\t\t\t\t\t\t\t\t\t\t\t\t\t\t\t<\/div>\n\t\t\t\t<\/div>\n\t\t\t\t<div class=\"elementor-element elementor-element-8d43449 elementor-widget elementor-widget-heading\" data-id=\"8d43449\" data-element_type=\"widget\" data-e-type=\"widget\" data-widget_type=\"heading.default\">\n\t\t\t\t<div class=\"elementor-widget-container\">\n\t\t\t\t\t<h2 class=\"elementor-heading-title elementor-size-default\"><br>La Comunit\u00e0 Professionale StudioKappa<\/h2>\t\t\t\t<\/div>\n\t\t\t\t<\/div>\n\t\t\t\t<div class=\"elementor-element elementor-element-168c930 elementor-widget elementor-widget-text-editor\" data-id=\"168c930\" data-element_type=\"widget\" data-e-type=\"widget\" data-widget_type=\"text-editor.default\">\n\t\t\t\t<div class=\"elementor-widget-container\">\n\t\t\t\t\t\t\t\t\t<p>Dal 2004\u00a0<strong><a title=\"StudioKappa\" href=\"https:\/\/studiokappa.it\/\" target=\"_self\" rel=\"noopener noreferrer\">StudioKappa<\/a><\/strong>\u00a0sviluppa lavoro insieme a molte decine di professionisti che negli anni aderiscono alla\u00a0<strong>Comunit\u00e0 Professionale<\/strong>\u00a0 scambiando, integrando e potenziando insieme risorse, competenze, progetti e orizzonti.<\/p><p><strong>La Comunit\u00e0 Professionale \u00e8, per i Committenti, un moltiplicatore di opportunit\u00e0 e, per il Libero Professionista, un acceleratore per lo sviluppo del proprio potenziale.<\/strong><\/p><p>La Comunit\u00e0 Professionale \u00e8 uno <strong>spazio fisico reale<\/strong>\u00a0ove professionisti con competenze diverse si incontrano e, guidati da un\u00a0<strong>facilitatore professionista<\/strong>\u00a0attraverso un\u00a0<strong>metodo partecipativo<\/strong>, costruiscono lavoro e attivano opportunit\u00e0 anche grazie una progettazione condivisa di un\u00a0<strong>piano di promozione<\/strong>\u00a0delle proprie attivit\u00e0 professionali.<\/p><p>I professionisti si ritrovano nei\u00a0<a title=\"Vai al Community Meeting\" href=\"http:\/\/www.studiokappa.it\/?page_id=16805\">Meeting di Comunit\u00e0<\/a>\u00a0con frequenza mensile, occasione di vita professionale reale, viva, fresca, in un\u00a0<strong>clima informale<\/strong>\u00a0e\u00a0<strong>produttivo<\/strong>\u00a0attorno ad un tavolo di lavoro ed i\u00a0<a title=\"Vai al Community Meeting\" href=\"http:\/\/www.studiokappa.it\/?page_id=16805\">Meeting <\/a>sono l\u2019occasione si scambio di risorse, esperienze, progettualit\u00e0 e interventi professionali.<\/p><p>Ad arricchire il\u00a0<strong>processo generativo<\/strong>, concorrono anche due specifici weekend a disposizione dei professionisti. Un weekend \u00e8 dedicato alla formazione dei professionisti per rafforzare le skills utili ad un <strong>proficuo marketing personale<\/strong>. Un secondo weekend\u00a0 focalizzato interamente alla produzione di un <strong>piano di promozione personale<\/strong>\u00a0di ciascun professionista, agganciato e in rete con quello degli altri professionisti che si ritrovano nella Comunit\u00e0 Professionale.<\/p>\t\t\t\t\t\t\t\t<\/div>\n\t\t\t\t<\/div>\n\t\t\t\t<div class=\"elementor-element elementor-element-2a04936 elementor-widget elementor-widget-heading\" data-id=\"2a04936\" data-element_type=\"widget\" data-e-type=\"widget\" data-widget_type=\"heading.default\">\n\t\t\t\t<div class=\"elementor-widget-container\">\n\t\t\t\t\t<h2 class=\"elementor-heading-title elementor-size-default\">Vieni a conoscerci !<\/h2>\t\t\t\t<\/div>\n\t\t\t\t<\/div>\n\t\t\t\t<div class=\"elementor-element elementor-element-ea7ac8d elementor-widget elementor-widget-text-editor\" data-id=\"ea7ac8d\" data-element_type=\"widget\" data-e-type=\"widget\" data-widget_type=\"text-editor.default\">\n\t\t\t\t<div class=\"elementor-widget-container\">\n\t\t\t\t\t\t\t\t\t<p>Stai costruendo o sviluppando il tuo\u00a0<strong>lavoro in proprio<\/strong>?<\/p><p>Sei un\u00a0<strong>formatore<\/strong>, un\u00a0<strong>consulente<\/strong>, un\u00a0<strong>facilitatore<\/strong>, un\u00a0<strong>project designer<\/strong>?<\/p><p>Ti occupi di\u00a0<strong>sviluppo locale<\/strong>,\u00a0<strong>empowerment personale<\/strong>,\u00a0<strong>benessere<\/strong>\u00a0della\u00a0<strong>persona<\/strong>,\u00a0<strong>arte, cultura e comunicazione<\/strong>,\u00a0<strong>sviluppo<\/strong>\u00a0di\u00a0<strong>comunit\u00e0<\/strong>,\u00a0<strong>rigenerazione urbana<\/strong>,\u00a0<strong>politiche pubbliche<\/strong>,\u00a0<strong>rafforzamento<\/strong>\u00a0delle\u00a0<strong>organizzazioni<\/strong>,\u00a0<strong>pianificazione territoriale, progettazione sociale europea<\/strong>?<\/p><p>Ti piace l\u2019idea di una\u00a0<strong>Comunit\u00e0 Professionale<\/strong>\u00a0in cui far crescere e\u00a0<strong>dar valore ai tuoi progetti<\/strong>?<\/p><p>Stai cercando un gruppo di\u00a0<strong>professionisti dinamici<\/strong>\u00a0ed intraprendenti con cui\u00a0<strong>fare rete<\/strong>,\u00a0<strong>condividere idee<\/strong>,\u00a0<strong>competenze<\/strong>,\u00a0<strong>contatti<\/strong>,\u00a0<strong>progetti<\/strong>\u00a0ed\u00a0<strong>opportunit\u00e0<\/strong>?<\/p><p>Sei incuriosito\u00a0 e ti chiedi quale risorsa possiamo essere per lo sviluppo e il\u00a0<strong>rafforzamento della tua attivit\u00e0 professionale<\/strong>?<\/p>\t\t\t\t\t\t\t\t<\/div>\n\t\t\t\t<\/div>\n\t\t\t\t\t<\/div>\n\t\t\t\t<\/div>\n\t\t<div class=\"elementor-element elementor-element-3257309 e-flex e-con-boxed e-con e-parent\" data-id=\"3257309\" data-element_type=\"container\" data-e-type=\"container\">\n\t\t\t\t\t<div class=\"e-con-inner\">\n\t\t\t\t<div class=\"elementor-element elementor-element-c2b96d0 elementor-widget elementor-widget-heading\" data-id=\"c2b96d0\" data-element_type=\"widget\" data-e-type=\"widget\" data-widget_type=\"heading.default\">\n\t\t\t\t<div class=\"elementor-widget-container\">\n\t\t\t\t\t<h2 class=\"elementor-heading-title elementor-size-default\">Entra a far parte della Comunit\u00e0 Professionale  StudioKappa in 3 step<\/h2>\t\t\t\t<\/div>\n\t\t\t\t<\/div>\n\t\t\t\t\t<\/div>\n\t\t\t\t<\/div>\n\t\t<div class=\"elementor-element elementor-element-20691da e-grid e-con-boxed e-con e-parent\" data-id=\"20691da\" data-element_type=\"container\" data-e-type=\"container\">\n\t\t\t\t\t<div class=\"e-con-inner\">\n\t\t\t\t<div class=\"elementor-element elementor-element-e6c29e5 elementor-widget elementor-widget-image\" data-id=\"e6c29e5\" data-element_type=\"widget\" data-e-type=\"widget\" data-widget_type=\"image.default\">\n\t\t\t\t<div class=\"elementor-widget-container\">\n\t\t\t\t\t\t\t\t\t\t\t\t\t\t\t<img decoding=\"async\" src=\"https:\/\/studiokappa.it\/test\/wp-content\/plugins\/elementor\/assets\/images\/placeholder.png\" title=\"\" alt=\"\" loading=\"lazy\" \/>\t\t\t\t\t\t\t\t\t\t\t\t\t\t\t<\/div>\n\t\t\t\t<\/div>\n\t\t\t\t<div class=\"elementor-element elementor-element-5dfabbc elementor-widget elementor-widget-image\" data-id=\"5dfabbc\" data-element_type=\"widget\" data-e-type=\"widget\" data-widget_type=\"image.default\">\n\t\t\t\t<div class=\"elementor-widget-container\">\n\t\t\t\t\t\t\t\t\t\t\t\t\t\t\t<img decoding=\"async\" src=\"https:\/\/studiokappa.it\/test\/wp-content\/plugins\/elementor\/assets\/images\/placeholder.png\" title=\"\" alt=\"\" loading=\"lazy\" \/>\t\t\t\t\t\t\t\t\t\t\t\t\t\t\t<\/div>\n\t\t\t\t<\/div>\n\t\t\t\t<div class=\"elementor-element elementor-element-e4b454b elementor-widget elementor-widget-image\" data-id=\"e4b454b\" data-element_type=\"widget\" data-e-type=\"widget\" data-widget_type=\"image.default\">\n\t\t\t\t<div class=\"elementor-widget-container\">\n\t\t\t\t\t\t\t\t\t\t\t\t\t\t\t<img decoding=\"async\" src=\"https:\/\/studiokappa.it\/test\/wp-content\/plugins\/elementor\/assets\/images\/placeholder.png\" title=\"\" alt=\"\" loading=\"lazy\" \/>\t\t\t\t\t\t\t\t\t\t\t\t\t\t\t<\/div>\n\t\t\t\t<\/div>\n\t\t\t\t<div class=\"elementor-element elementor-element-07ee56e elementor-widget elementor-widget-heading\" data-id=\"07ee56e\" data-element_type=\"widget\" data-e-type=\"widget\" data-widget_type=\"heading.default\">\n\t\t\t\t<div class=\"elementor-widget-container\">\n\t\t\t\t\t<h2 class=\"elementor-heading-title elementor-size-default\">Scopri <br>la Comunit\u00e0 Professionale <br><br><span style=\"font-family: var( --e-global-typography-primary-font-family ), Sans-serif;font-size: 2rem;font-weight: var( --e-global-typography-primary-font-weight )\"><i>partecipa alla<\/i><\/span><br><br><span style=\"font-family: var( --e-global-typography-primary-font-family ), Sans-serif;font-size: 2rem;font-weight: var( --e-global-typography-primary-font-weight )\"> GIORNATA INFORMATIVA <\/span><br><span style=\"font-family: var( --e-global-typography-primary-font-family ), Sans-serif;font-size: 2rem;font-weight: var( --e-global-typography-primary-font-weight )\">E DI SCAMBIO<\/span><\/h2>\t\t\t\t<\/div>\n\t\t\t\t<\/div>\n\t\t\t\t<div class=\"elementor-element elementor-element-4b6c12c elementor-widget elementor-widget-heading\" data-id=\"4b6c12c\" data-element_type=\"widget\" data-e-type=\"widget\" data-widget_type=\"heading.default\">\n\t\t\t\t<div class=\"elementor-widget-container\">\n\t\t\t\t\t<h2 class=\"elementor-heading-title elementor-size-default\">Potenzia  <br>il tuo essere Professionista<br>\n<br><i>iscriviti al<\/i><br><br> LABORATORIO <br>DI RIGENERAZIONE<br>PROFESSIONALE\n<\/h2>\t\t\t\t<\/div>\n\t\t\t\t<\/div>\n\t\t\t\t<div class=\"elementor-element elementor-element-88243be elementor-widget elementor-widget-heading\" data-id=\"88243be\" data-element_type=\"widget\" data-e-type=\"widget\" data-widget_type=\"heading.default\">\n\t\t\t\t<div class=\"elementor-widget-container\">\n\t\t\t\t\t<h2 class=\"elementor-heading-title elementor-size-default\">Costruisci <br>risorse e\nopportunit\u00e0 <br>\n<br><br><i>unisciti ai<\/i><br><br>MEETING MENSILI<br>DELLA COMUNIT<span style=\"font-family: var( --e-global-typography-primary-font-family ), Sans-serif;font-size: 2rem;font-weight: var( --e-global-typography-primary-font-weight )\">\u00c0 PROFESSIONALE<\/span><br>\n\n<\/h2>\t\t\t\t<\/div>\n\t\t\t\t<\/div>\n\t\t\t\t\t<\/div>\n\t\t\t\t<\/div>\n\t\t\t\t<\/div>\n\t\t","protected":false},"excerpt":{"rendered":"<p>La Comunit\u00e0 Professionale StudioKappa Dal 2004\u00a0StudioKappa\u00a0sviluppa lavoro insieme a molte decine di professionisti che negli anni aderiscono alla\u00a0Comunit\u00e0 Professionale\u00a0 scambiando, integrando e potenziando insieme risorse, competenze, progetti e orizzonti. La Comunit\u00e0 Professionale \u00e8, per i Committenti, un moltiplicatore di opportunit\u00e0 e, per il Libero Professionista, un acceleratore per lo sviluppo del proprio potenziale. La Comunit\u00e0 [&hellip;]<\/p>\n","protected":false},"author":5,"featured_media":0,"parent":0,"menu_order":0,"comment_status":"closed","ping_status":"closed","template":"elementor_header_footer","meta":{"_acf_changed":false,"_eb_attr":"","footnotes":""},"class_list":["post-21761","page","type-page","status-publish","hentry"],"acf":[],"rttpg_featured_image_url":null,"rttpg_author":{"display_name":"Studio Kappa","author_link":"https:\/\/studiokappa.it\/test\/author\/studiokappa\/"},"rttpg_comment":0,"rttpg_category":null,"rttpg_excerpt":"La Comunit\u00e0 Professionale StudioKappa Dal 2004\u00a0StudioKappa\u00a0sviluppa lavoro insieme a molte decine di professionisti che negli anni aderiscono alla\u00a0Comunit\u00e0 Professionale\u00a0 scambiando, integrando e potenziando insieme risorse, competenze, progetti e orizzonti. La Comunit\u00e0 Professionale \u00e8, per i Committenti, un moltiplicatore di opportunit\u00e0 e, per il Libero Professionista, un acceleratore per lo sviluppo del proprio potenziale. La Comunit\u00e0&hellip;","_links":{"self":[{"href":"https:\/\/studiokappa.it\/test\/wp-json\/wp\/v2\/pages\/21761","targetHints":{"allow":["GET"]}}],"collection":[{"href":"https:\/\/studiokappa.it\/test\/wp-json\/wp\/v2\/pages"}],"about":[{"href":"https:\/\/studiokappa.it\/test\/wp-json\/wp\/v2\/types\/page"}],"author":[{"embeddable":true,"href":"https:\/\/studiokappa.it\/test\/wp-json\/wp\/v2\/users\/5"}],"replies":[{"embeddable":true,"href":"https:\/\/studiokappa.it\/test\/wp-json\/wp\/v2\/comments?post=21761"}],"version-history":[{"count":44,"href":"https:\/\/studiokappa.it\/test\/wp-json\/wp\/v2\/pages\/21761\/revisions"}],"predecessor-version":[{"id":23276,"href":"https:\/\/studiokappa.it\/test\/wp-json\/wp\/v2\/pages\/21761\/revisions\/23276"}],"wp:attachment":[{"href":"https:\/\/studiokappa.it\/test\/wp-json\/wp\/v2\/media?parent=21761"}],"curies":[{"name":"wp","href":"https:\/\/api.w.org\/{rel}","templated":true}]}}