{"id":20869,"date":"2024-11-09T18:48:17","date_gmt":"2024-11-09T18:48:17","guid":{"rendered":"https:\/\/studiokappa.it\/test\/?page_id=20869"},"modified":"2025-05-21T16:16:00","modified_gmt":"2025-05-21T16:16:00","slug":"professionisti","status":"publish","type":"page","link":"https:\/\/studiokappa.it\/test\/professionisti\/","title":{"rendered":"Professionisti"},"content":{"rendered":"\t\t<div data-elementor-type=\"wp-page\" data-elementor-id=\"20869\" class=\"elementor elementor-20869\" data-elementor-post-type=\"page\">\n\t\t\t\t<div class=\"elementor-element elementor-element-354224d e-flex e-con-boxed e-con e-parent\" data-id=\"354224d\" data-element_type=\"container\" data-e-type=\"container\">\n\t\t\t\t\t<div class=\"e-con-inner\">\n\t\t\t\t<div class=\"elementor-element elementor-element-e4c1f9b elementor-widget elementor-widget-heading\" data-id=\"e4c1f9b\" data-element_type=\"widget\" data-e-type=\"widget\" data-widget_type=\"heading.default\">\n\t\t\t\t<div class=\"elementor-widget-container\">\n\t\t\t\t\t<h2 class=\"elementor-heading-title elementor-size-default\">La Comunit\u00e0 Professionale<\/h2>\t\t\t\t<\/div>\n\t\t\t\t<\/div>\n\t\t\t\t<div class=\"elementor-element elementor-element-015f6a6 elementor-widget elementor-widget-text-editor\" data-id=\"015f6a6\" data-element_type=\"widget\" data-e-type=\"widget\" data-widget_type=\"text-editor.default\">\n\t\t\t\t<div class=\"elementor-widget-container\">\n\t\t\t\t\t\t\t\t\t<p>Qui di seguito presentiamo i professionisti che raccordano e coordinano le loro attivit\u00e0 componendo la Comunit\u00e0 Professionale StudioKappa.<\/p>\t\t\t\t\t\t\t\t<\/div>\n\t\t\t\t<\/div>\n\t\t\t\t<div class=\"elementor-element elementor-element-c3228e1 elementor-grid-4 elementor-posts--align-left elementor-grid-tablet-2 elementor-grid-mobile-1 elementor-posts--thumbnail-top elementor-card-shadow-yes elementor-posts__hover-gradient elementor-widget elementor-widget-posts\" data-id=\"c3228e1\" data-element_type=\"widget\" data-e-type=\"widget\" data-settings=\"{&quot;cards_columns&quot;:&quot;4&quot;,&quot;cards_columns_tablet&quot;:&quot;2&quot;,&quot;cards_columns_mobile&quot;:&quot;1&quot;,&quot;cards_row_gap&quot;:{&quot;unit&quot;:&quot;px&quot;,&quot;size&quot;:35,&quot;sizes&quot;:[]},&quot;cards_row_gap_tablet&quot;:{&quot;unit&quot;:&quot;px&quot;,&quot;size&quot;:&quot;&quot;,&quot;sizes&quot;:[]},&quot;cards_row_gap_mobile&quot;:{&quot;unit&quot;:&quot;px&quot;,&quot;size&quot;:&quot;&quot;,&quot;sizes&quot;:[]}}\" data-widget_type=\"posts.cards\">\n\t\t\t\t<div class=\"elementor-widget-container\">\n\t\t\t\t\t\t\t<div class=\"elementor-posts-container elementor-posts elementor-posts--skin-cards elementor-grid\">\n\t\t\t\t<article class=\"elementor-post elementor-grid-item post-21931 page type-page status-publish has-post-thumbnail hentry\">\n\t\t\t<div class=\"elementor-post__card\">\n\t\t\t\t<a class=\"elementor-post__thumbnail__link\" href=\"https:\/\/studiokappa.it\/test\/anna-zumbo-2\/\" tabindex=\"-1\" ><div class=\"elementor-post__thumbnail\"><img fetchpriority=\"high\" decoding=\"async\" width=\"1218\" height=\"1280\" src=\"https:\/\/studiokappa.it\/test\/wp-content\/uploads\/2025\/01\/Anna_ZumboNEW.jpg\" class=\"attachment-full size-full wp-image-21765\" alt=\"\" \/><\/div><\/a>\n\t\t\t\t<div class=\"elementor-post__text\">\n\t\t\t\t<h3 class=\"elementor-post__title\">\n\t\t\t<a href=\"https:\/\/studiokappa.it\/test\/anna-zumbo-2\/\" >\n\t\t\t\tAnna Zumbo\t\t\t<\/a>\n\t\t<\/h3>\n\t\t\t\t<div class=\"elementor-post__excerpt\">\n\t\t\t<p>Anna Zumbo Rafforzamento delle Organizzazioni e Sviluppo di Comunit\u00e0 Pubblicazioni Interventi Biografia Appassionata di scienze politiche con interesse particolare allo sviluppo dei processi culturali, lavora in Italia ed in paesi dell\u2019Africa francofona e del Centro America nell\u2019ambito dello\u00a0sviluppo di comunit\u00e0\u00a0e del\u00a0rafforzamento di\u00a0organizzazioni.\u00a0 Consulente, facilitatore e formatore lavora con enti pubblici<\/p>\n\t\t<\/div>\n\t\t\t\t\t<div class=\"elementor-post__read-more-wrapper\">\n\t\t\n\t\t<a class=\"elementor-post__read-more\" href=\"https:\/\/studiokappa.it\/test\/anna-zumbo-2\/\" aria-label=\"Read more about Anna Zumbo\" tabindex=\"-1\" >\n\t\t\tVai alla pagina\t\t<\/a>\n\n\t\t\t\t\t<\/div>\n\t\t\t\t<\/div>\n\t\t\t\t<div class=\"elementor-post__meta-data\">\n\t\t\t\t\t<span class=\"elementor-post-author\">\n\t\t\tStudio Kappa\t\t<\/span>\n\t\t\t\t<\/div>\n\t\t\t\t\t<\/div>\n\t\t<\/article>\n\t\t\t\t<article class=\"elementor-post elementor-grid-item post-156 page type-page status-publish has-post-thumbnail hentry\">\n\t\t\t<div class=\"elementor-post__card\">\n\t\t\t\t<a class=\"elementor-post__thumbnail__link\" href=\"https:\/\/studiokappa.it\/test\/leso\/\" tabindex=\"-1\" ><div class=\"elementor-post__thumbnail\"><img decoding=\"async\" width=\"310\" height=\"370\" src=\"https:\/\/studiokappa.it\/test\/wp-content\/uploads\/2025\/01\/Candida_LesoAU.jpg\" class=\"attachment-full size-full wp-image-21768\" alt=\"\" srcset=\"https:\/\/studiokappa.it\/test\/wp-content\/uploads\/2025\/01\/Candida_LesoAU.jpg 310w, https:\/\/studiokappa.it\/test\/wp-content\/uploads\/2025\/01\/Candida_LesoAU-300x358.jpg 300w, https:\/\/studiokappa.it\/test\/wp-content\/uploads\/2025\/01\/Candida_LesoAU-251x300.jpg 251w\" sizes=\"(max-width: 310px) 100vw, 310px\" \/><\/div><\/a>\n\t\t\t\t<div class=\"elementor-post__text\">\n\t\t\t\t<h3 class=\"elementor-post__title\">\n\t\t\t<a href=\"https:\/\/studiokappa.it\/test\/leso\/\" >\n\t\t\t\tCandida Leso\t\t\t<\/a>\n\t\t<\/h3>\n\t\t\t\t<div class=\"elementor-post__excerpt\">\n\t\t\t<p>Sviluppo Professionale e Organizzativo Fa la consulente e la formatrice per l\u2019analisi e lo sviluppo delle potenzialit\u00e0 professionali e relazionali delle persone e delle organizzazioni.Dopo aver coordinato per sette anni, come funzionario pubblico, un servizio per l&#8217;integrazione scolastica degli alunni disabili, nell&#8217;ambito del quale ha avviato progetti e gruppi di<\/p>\n\t\t<\/div>\n\t\t\t\t\t<div class=\"elementor-post__read-more-wrapper\">\n\t\t\n\t\t<a class=\"elementor-post__read-more\" href=\"https:\/\/studiokappa.it\/test\/leso\/\" aria-label=\"Read more about Candida Leso\" tabindex=\"-1\" >\n\t\t\tVai alla pagina\t\t<\/a>\n\n\t\t\t\t\t<\/div>\n\t\t\t\t<\/div>\n\t\t\t\t<div class=\"elementor-post__meta-data\">\n\t\t\t\t\t<span class=\"elementor-post-author\">\n\t\t\tStudio Kappa\t\t<\/span>\n\t\t\t\t<\/div>\n\t\t\t\t\t<\/div>\n\t\t<\/article>\n\t\t\t\t<article class=\"elementor-post elementor-grid-item post-21942 page type-page status-publish has-post-thumbnail hentry\">\n\t\t\t<div class=\"elementor-post__card\">\n\t\t\t\t<a class=\"elementor-post__thumbnail__link\" href=\"https:\/\/studiokappa.it\/test\/milena-bellonotto-2\/\" tabindex=\"-1\" ><div class=\"elementor-post__thumbnail\"><img decoding=\"async\" width=\"310\" height=\"370\" src=\"https:\/\/studiokappa.it\/test\/wp-content\/uploads\/2025\/01\/MilenaBellonottoSenzaBordi.jpg\" class=\"attachment-full size-full wp-image-21772\" alt=\"\" srcset=\"https:\/\/studiokappa.it\/test\/wp-content\/uploads\/2025\/01\/MilenaBellonottoSenzaBordi.jpg 310w, https:\/\/studiokappa.it\/test\/wp-content\/uploads\/2025\/01\/MilenaBellonottoSenzaBordi-300x358.jpg 300w, https:\/\/studiokappa.it\/test\/wp-content\/uploads\/2025\/01\/MilenaBellonottoSenzaBordi-251x300.jpg 251w\" sizes=\"(max-width: 310px) 100vw, 310px\" \/><\/div><\/a>\n\t\t\t\t<div class=\"elementor-post__text\">\n\t\t\t\t<h3 class=\"elementor-post__title\">\n\t\t\t<a href=\"https:\/\/studiokappa.it\/test\/milena-bellonotto-2\/\" >\n\t\t\t\tMilena Bellonotto\t\t\t<\/a>\n\t\t<\/h3>\n\t\t\t\t<div class=\"elementor-post__excerpt\">\n\t\t\t<p>Milena Bellonotto Processi Trasformativi e Storytelling Pubblicazioni Interventi Biografia Specializzata in Comunicazione aziendale e culturale ad indirizzo semiotico, in Letteratura per l\u2019infanzia e l\u2019adolescenza e in Orticoltura Didattica e Terapeutica, Milena Bellonotto lavora come professionista nei processi trasformativi attraverso l\u2019utilizzo e la mediazione della Natura, della Letteratura e dello Storytelling.<\/p>\n\t\t<\/div>\n\t\t\t\t\t<div class=\"elementor-post__read-more-wrapper\">\n\t\t\n\t\t<a class=\"elementor-post__read-more\" href=\"https:\/\/studiokappa.it\/test\/milena-bellonotto-2\/\" aria-label=\"Read more about Milena Bellonotto\" tabindex=\"-1\" >\n\t\t\tVai alla pagina\t\t<\/a>\n\n\t\t\t\t\t<\/div>\n\t\t\t\t<\/div>\n\t\t\t\t<div class=\"elementor-post__meta-data\">\n\t\t\t\t\t<span class=\"elementor-post-author\">\n\t\t\tStudio Kappa\t\t<\/span>\n\t\t\t\t<\/div>\n\t\t\t\t\t<\/div>\n\t\t<\/article>\n\t\t\t\t<article class=\"elementor-post elementor-grid-item post-60 page type-page status-publish has-post-thumbnail hentry\">\n\t\t\t<div class=\"elementor-post__card\">\n\t\t\t\t<a class=\"elementor-post__thumbnail__link\" href=\"https:\/\/studiokappa.it\/test\/simone-deflorian\/\" tabindex=\"-1\" ><div class=\"elementor-post__thumbnail\"><img loading=\"lazy\" decoding=\"async\" width=\"310\" height=\"370\" src=\"https:\/\/studiokappa.it\/test\/wp-content\/uploads\/2024\/05\/Simone_DeflorianNEW.jpg\" class=\"attachment-full size-full wp-image-61\" alt=\"\" srcset=\"https:\/\/studiokappa.it\/test\/wp-content\/uploads\/2024\/05\/Simone_DeflorianNEW.jpg 310w, https:\/\/studiokappa.it\/test\/wp-content\/uploads\/2024\/05\/Simone_DeflorianNEW-251x300.jpg 251w\" sizes=\"(max-width: 310px) 100vw, 310px\" \/><\/div><\/a>\n\t\t\t\t<div class=\"elementor-post__text\">\n\t\t\t\t<h3 class=\"elementor-post__title\">\n\t\t\t<a href=\"https:\/\/studiokappa.it\/test\/simone-deflorian\/\" >\n\t\t\t\tSimone Deflorian\t\t\t<\/a>\n\t\t<\/h3>\n\t\t\t\t<div class=\"elementor-post__excerpt\">\n\t\t\t<p>Sviluppo Partecipato di Citt\u00e0 e Organizzazioni Trentino di origine, libero professionista appassionato di Processi Partecipativi e di Community Development. Consulente per lo sviluppo di\u00a0politiche pubbliche strategiche, collabora con policy maker, cities government e organizzazioni impegnate in attivit\u00e0 di advocacy. Con azioni di consulenza, formazione, project management e valutazione aiuta policy<\/p>\n\t\t<\/div>\n\t\t\t\t\t<div class=\"elementor-post__read-more-wrapper\">\n\t\t\n\t\t<a class=\"elementor-post__read-more\" href=\"https:\/\/studiokappa.it\/test\/simone-deflorian\/\" aria-label=\"Read more about Simone Deflorian\" tabindex=\"-1\" >\n\t\t\tVai alla pagina\t\t<\/a>\n\n\t\t\t\t\t<\/div>\n\t\t\t\t<\/div>\n\t\t\t\t<div class=\"elementor-post__meta-data\">\n\t\t\t\t\t<span class=\"elementor-post-author\">\n\t\t\tStudio Kappa\t\t<\/span>\n\t\t\t\t<\/div>\n\t\t\t\t\t<\/div>\n\t\t<\/article>\n\t\t\t\t<\/div>\n\t\t\n\t\t\t\t\t\t<\/div>\n\t\t\t\t<\/div>\n\t\t\t\t\t<\/div>\n\t\t\t\t<\/div>\n\t\t<div class=\"elementor-element elementor-element-8262835 e-flex e-con-boxed e-con e-parent\" data-id=\"8262835\" data-element_type=\"container\" data-e-type=\"container\">\n\t\t\t\t\t<div class=\"e-con-inner\">\n\t\t<div class=\"elementor-element elementor-element-d1471fc e-flex e-con-boxed e-con e-child\" data-id=\"d1471fc\" data-element_type=\"container\" data-e-type=\"container\" data-settings=\"{&quot;background_background&quot;:&quot;classic&quot;}\">\n\t\t\t\t\t<div class=\"e-con-inner\">\n\t\t\t\t<div class=\"elementor-element elementor-element-fd3c0ea elementor-widget elementor-widget-heading\" data-id=\"fd3c0ea\" data-element_type=\"widget\" data-e-type=\"widget\" data-widget_type=\"heading.default\">\n\t\t\t\t<div class=\"elementor-widget-container\">\n\t\t\t\t\t<h2 class=\"elementor-heading-title elementor-size-default\">Le Sedi\n\n<\/h2>\t\t\t\t<\/div>\n\t\t\t\t<\/div>\n\t\t\t\t<div class=\"elementor-element elementor-element-e41e0e9 elementor-widget elementor-widget-text-editor\" data-id=\"e41e0e9\" data-element_type=\"widget\" data-e-type=\"widget\" data-widget_type=\"text-editor.default\">\n\t\t\t\t<div class=\"elementor-widget-container\">\n\t\t\t\t\t\t\t\t\t<p><strong>Studio Kappa<\/strong>\u00a0\u00e8 un network di diversi studi di professionisti.<br \/>Abbiamo le nostre sedi in Emilia Romagna, Lombardia, Liguria e Piemonte.<\/p>\t\t\t\t\t\t\t\t<\/div>\n\t\t\t\t<\/div>\n\t\t\t\t\t<\/div>\n\t\t\t\t<\/div>\n\t\t<div class=\"elementor-element elementor-element-b5c4564 e-flex e-con-boxed e-con e-child\" data-id=\"b5c4564\" data-element_type=\"container\" data-e-type=\"container\" data-settings=\"{&quot;background_background&quot;:&quot;classic&quot;}\">\n\t\t\t\t\t<div class=\"e-con-inner\">\n\t\t<div class=\"elementor-element elementor-element-2bf8280 e-flex e-con-boxed e-con e-child\" data-id=\"2bf8280\" data-element_type=\"container\" data-e-type=\"container\">\n\t\t\t\t\t<div class=\"e-con-inner\">\n\t\t<div class=\"elementor-element elementor-element-a5efb1f e-flex e-con-boxed e-con e-child\" data-id=\"a5efb1f\" data-element_type=\"container\" data-e-type=\"container\" data-settings=\"{&quot;background_background&quot;:&quot;classic&quot;}\">\n\t\t\t\t\t<div class=\"e-con-inner\">\n\t\t\t\t<div class=\"elementor-element elementor-element-f79b0a8 elementor-widget elementor-widget-image\" data-id=\"f79b0a8\" data-element_type=\"widget\" data-e-type=\"widget\" data-widget_type=\"image.default\">\n\t\t\t\t<div class=\"elementor-widget-container\">\n\t\t\t\t\t\t\t\t\t\t\t\t\t\t\t<img loading=\"lazy\" decoding=\"async\" width=\"800\" height=\"600\" src=\"https:\/\/studiokappa.it\/test\/wp-content\/uploads\/2024\/06\/Astismall.jpg\" class=\"attachment-large size-large wp-image-855\" alt=\"\" srcset=\"https:\/\/studiokappa.it\/test\/wp-content\/uploads\/2024\/06\/Astismall.jpg 1004w, https:\/\/studiokappa.it\/test\/wp-content\/uploads\/2024\/06\/Astismall-600x450.jpg 600w, https:\/\/studiokappa.it\/test\/wp-content\/uploads\/2024\/06\/Astismall-300x225.jpg 300w, https:\/\/studiokappa.it\/test\/wp-content\/uploads\/2024\/06\/Astismall-768x576.jpg 768w\" sizes=\"(max-width: 800px) 100vw, 800px\" \/>\t\t\t\t\t\t\t\t\t\t\t\t\t\t\t<\/div>\n\t\t\t\t<\/div>\n\t\t\t\t<div class=\"elementor-element elementor-element-72911f4 elementor-widget elementor-widget-text-editor\" data-id=\"72911f4\" data-element_type=\"widget\" data-e-type=\"widget\" data-widget_type=\"text-editor.default\">\n\t\t\t\t<div class=\"elementor-widget-container\">\n\t\t\t\t\t\t\t\t\t<p>La sede di Asti (sede legale)<\/p>\t\t\t\t\t\t\t\t<\/div>\n\t\t\t\t<\/div>\n\t\t\t\t<div class=\"elementor-element elementor-element-5de8f35 elementor-widget elementor-widget-text-editor\" data-id=\"5de8f35\" data-element_type=\"widget\" data-e-type=\"widget\" data-widget_type=\"text-editor.default\">\n\t\t\t\t<div class=\"elementor-widget-container\">\n\t\t\t\t\t\t\t\t\t<p>Via Duca d&#8217;Aosta 14 14100 Asti (Italy)<\/p>\t\t\t\t\t\t\t\t<\/div>\n\t\t\t\t<\/div>\n\t\t\t\t\t<\/div>\n\t\t\t\t<\/div>\n\t\t\t\t\t<\/div>\n\t\t\t\t<\/div>\n\t\t<div class=\"elementor-element elementor-element-733c96f e-flex e-con-boxed e-con e-child\" data-id=\"733c96f\" data-element_type=\"container\" data-e-type=\"container\">\n\t\t\t\t\t<div class=\"e-con-inner\">\n\t\t<div class=\"elementor-element elementor-element-31a1941 e-flex e-con-boxed e-con e-child\" data-id=\"31a1941\" data-element_type=\"container\" data-e-type=\"container\" data-settings=\"{&quot;background_background&quot;:&quot;classic&quot;}\">\n\t\t\t\t\t<div class=\"e-con-inner\">\n\t\t\t\t<div class=\"elementor-element elementor-element-ee7c635 elementor-widget elementor-widget-image\" data-id=\"ee7c635\" data-element_type=\"widget\" data-e-type=\"widget\" data-widget_type=\"image.default\">\n\t\t\t\t<div class=\"elementor-widget-container\">\n\t\t\t\t\t\t\t\t\t\t\t\t\t\t\t<img loading=\"lazy\" decoding=\"async\" width=\"800\" height=\"600\" src=\"https:\/\/studiokappa.it\/test\/wp-content\/uploads\/2024\/06\/Torino_Assarottismall.jpg\" class=\"attachment-large size-large wp-image-856\" alt=\"\" srcset=\"https:\/\/studiokappa.it\/test\/wp-content\/uploads\/2024\/06\/Torino_Assarottismall.jpg 1004w, https:\/\/studiokappa.it\/test\/wp-content\/uploads\/2024\/06\/Torino_Assarottismall-600x450.jpg 600w, https:\/\/studiokappa.it\/test\/wp-content\/uploads\/2024\/06\/Torino_Assarottismall-300x225.jpg 300w, https:\/\/studiokappa.it\/test\/wp-content\/uploads\/2024\/06\/Torino_Assarottismall-768x576.jpg 768w\" sizes=\"(max-width: 800px) 100vw, 800px\" \/>\t\t\t\t\t\t\t\t\t\t\t\t\t\t\t<\/div>\n\t\t\t\t<\/div>\n\t\t\t\t<div class=\"elementor-element elementor-element-74a3f35 elementor-widget elementor-widget-text-editor\" data-id=\"74a3f35\" data-element_type=\"widget\" data-e-type=\"widget\" data-widget_type=\"text-editor.default\">\n\t\t\t\t<div class=\"elementor-widget-container\">\n\t\t\t\t\t\t\t\t\t<p>La sede di Torino<\/p>\t\t\t\t\t\t\t\t<\/div>\n\t\t\t\t<\/div>\n\t\t\t\t<div class=\"elementor-element elementor-element-59e7578 elementor-widget elementor-widget-text-editor\" data-id=\"59e7578\" data-element_type=\"widget\" data-e-type=\"widget\" data-widget_type=\"text-editor.default\">\n\t\t\t\t<div class=\"elementor-widget-container\">\n\t\t\t\t\t\t\t\t\t<p>Via Assarotti 3 10122 Turin (Italy)<\/p>\t\t\t\t\t\t\t\t<\/div>\n\t\t\t\t<\/div>\n\t\t\t\t\t<\/div>\n\t\t\t\t<\/div>\n\t\t\t\t\t<\/div>\n\t\t\t\t<\/div>\n\t\t\t\t\t<\/div>\n\t\t\t\t<\/div>\n\t\t<div class=\"elementor-element elementor-element-3bbbdb3 e-flex e-con-boxed e-con e-child\" data-id=\"3bbbdb3\" data-element_type=\"container\" data-e-type=\"container\" data-settings=\"{&quot;background_background&quot;:&quot;classic&quot;}\">\n\t\t\t\t\t<div class=\"e-con-inner\">\n\t\t<div class=\"elementor-element elementor-element-df575c0 e-flex e-con-boxed e-con e-child\" data-id=\"df575c0\" data-element_type=\"container\" data-e-type=\"container\">\n\t\t\t\t\t<div class=\"e-con-inner\">\n\t\t<div class=\"elementor-element elementor-element-edec5e1 e-flex e-con-boxed e-con e-child\" data-id=\"edec5e1\" data-element_type=\"container\" data-e-type=\"container\" data-settings=\"{&quot;background_background&quot;:&quot;classic&quot;}\">\n\t\t\t\t\t<div class=\"e-con-inner\">\n\t\t\t\t<div class=\"elementor-element elementor-element-3fe8781 elementor-widget elementor-widget-image\" data-id=\"3fe8781\" data-element_type=\"widget\" data-e-type=\"widget\" data-widget_type=\"image.default\">\n\t\t\t\t<div class=\"elementor-widget-container\">\n\t\t\t\t\t\t\t\t\t\t\t\t\t\t\t<img loading=\"lazy\" decoding=\"async\" width=\"400\" height=\"300\" src=\"https:\/\/studiokappa.it\/test\/wp-content\/uploads\/2024\/06\/Bologna.jpg\" class=\"attachment-large size-large wp-image-857\" alt=\"\" srcset=\"https:\/\/studiokappa.it\/test\/wp-content\/uploads\/2024\/06\/Bologna.jpg 400w, https:\/\/studiokappa.it\/test\/wp-content\/uploads\/2024\/06\/Bologna-300x225.jpg 300w\" sizes=\"(max-width: 400px) 100vw, 400px\" \/>\t\t\t\t\t\t\t\t\t\t\t\t\t\t\t<\/div>\n\t\t\t\t<\/div>\n\t\t\t\t<div class=\"elementor-element elementor-element-7c45095 elementor-widget elementor-widget-text-editor\" data-id=\"7c45095\" data-element_type=\"widget\" data-e-type=\"widget\" data-widget_type=\"text-editor.default\">\n\t\t\t\t<div class=\"elementor-widget-container\">\n\t\t\t\t\t\t\t\t\t<p>La sede di Bologna (prossima apertura)<\/p>\t\t\t\t\t\t\t\t<\/div>\n\t\t\t\t<\/div>\n\t\t\t\t<div class=\"elementor-element elementor-element-f8ddf77 elementor-widget elementor-widget-text-editor\" data-id=\"f8ddf77\" data-element_type=\"widget\" data-e-type=\"widget\" data-widget_type=\"text-editor.default\">\n\t\t\t\t<div class=\"elementor-widget-container\">\n\t\t\t\t\t\t\t\t\t<h6>\u00a0<\/h6>\t\t\t\t\t\t\t\t<\/div>\n\t\t\t\t<\/div>\n\t\t\t\t\t<\/div>\n\t\t\t\t<\/div>\n\t\t\t\t\t<\/div>\n\t\t\t\t<\/div>\n\t\t<div class=\"elementor-element elementor-element-0ee3f51 e-flex e-con-boxed e-con e-child\" data-id=\"0ee3f51\" data-element_type=\"container\" data-e-type=\"container\">\n\t\t\t\t\t<div class=\"e-con-inner\">\n\t\t<div class=\"elementor-element elementor-element-908b36c e-flex e-con-boxed e-con e-child\" data-id=\"908b36c\" data-element_type=\"container\" data-e-type=\"container\" data-settings=\"{&quot;background_background&quot;:&quot;classic&quot;}\">\n\t\t\t\t\t<div class=\"e-con-inner\">\n\t\t\t\t<div class=\"elementor-element elementor-element-d6d45e9 elementor-widget elementor-widget-image\" data-id=\"d6d45e9\" data-element_type=\"widget\" data-e-type=\"widget\" data-widget_type=\"image.default\">\n\t\t\t\t<div class=\"elementor-widget-container\">\n\t\t\t\t\t\t\t\t\t\t\t\t\t\t\t<img loading=\"lazy\" decoding=\"async\" width=\"400\" height=\"300\" src=\"https:\/\/studiokappa.it\/test\/wp-content\/uploads\/2024\/06\/Genova.jpg\" class=\"attachment-large size-large wp-image-858\" alt=\"\" srcset=\"https:\/\/studiokappa.it\/test\/wp-content\/uploads\/2024\/06\/Genova.jpg 400w, https:\/\/studiokappa.it\/test\/wp-content\/uploads\/2024\/06\/Genova-300x225.jpg 300w\" sizes=\"(max-width: 400px) 100vw, 400px\" \/>\t\t\t\t\t\t\t\t\t\t\t\t\t\t\t<\/div>\n\t\t\t\t<\/div>\n\t\t\t\t<div class=\"elementor-element elementor-element-3984ccf elementor-widget elementor-widget-text-editor\" data-id=\"3984ccf\" data-element_type=\"widget\" data-e-type=\"widget\" data-widget_type=\"text-editor.default\">\n\t\t\t\t<div class=\"elementor-widget-container\">\n\t\t\t\t\t\t\t\t\t<p>La sede di Narzole (Cn)<\/p>\t\t\t\t\t\t\t\t<\/div>\n\t\t\t\t<\/div>\n\t\t\t\t<div class=\"elementor-element elementor-element-2ff05b8 elementor-widget elementor-widget-text-editor\" data-id=\"2ff05b8\" data-element_type=\"widget\" data-e-type=\"widget\" data-widget_type=\"text-editor.default\">\n\t\t\t\t<div class=\"elementor-widget-container\">\n\t\t\t\t\t\t\t\t\t<p>Via Cavour, 251 &#8211; Narzole\u00a0 (Italy)<\/p>\t\t\t\t\t\t\t\t<\/div>\n\t\t\t\t<\/div>\n\t\t\t\t\t<\/div>\n\t\t\t\t<\/div>\n\t\t\t\t\t<\/div>\n\t\t\t\t<\/div>\n\t\t\t\t\t<\/div>\n\t\t\t\t<\/div>\n\t\t\t\t\t<\/div>\n\t\t\t\t<\/div>\n\t\t\t\t<\/div>\n\t\t","protected":false},"excerpt":{"rendered":"<p>La Comunit\u00e0 Professionale Qui di seguito presentiamo i professionisti che raccordano e coordinano le loro attivit\u00e0 componendo la Comunit\u00e0 Professionale StudioKappa. Le Sedi Studio Kappa\u00a0\u00e8 un network di diversi studi di professionisti.Abbiamo le nostre sedi in Emilia Romagna, Lombardia, Liguria e Piemonte. La sede di Asti (sede legale) Via Duca d&#8217;Aosta 14 14100 Asti (Italy) [&hellip;]<\/p>\n","protected":false},"author":5,"featured_media":0,"parent":0,"menu_order":0,"comment_status":"closed","ping_status":"closed","template":"elementor_header_footer","meta":{"_acf_changed":false,"_eb_attr":"","footnotes":""},"class_list":["post-20869","page","type-page","status-publish","hentry"],"acf":[],"rttpg_featured_image_url":null,"rttpg_author":{"display_name":"Studio Kappa","author_link":"https:\/\/studiokappa.it\/test\/author\/studiokappa\/"},"rttpg_comment":0,"rttpg_category":null,"rttpg_excerpt":"La Comunit\u00e0 Professionale Qui di seguito presentiamo i professionisti che raccordano e coordinano le loro attivit\u00e0 componendo la Comunit\u00e0 Professionale StudioKappa. Le Sedi Studio Kappa\u00a0\u00e8 un network di diversi studi di professionisti.Abbiamo le nostre sedi in Emilia Romagna, Lombardia, Liguria e Piemonte. La sede di Asti (sede legale) Via Duca d&#8217;Aosta 14 14100 Asti (Italy)&hellip;","_links":{"self":[{"href":"https:\/\/studiokappa.it\/test\/wp-json\/wp\/v2\/pages\/20869","targetHints":{"allow":["GET"]}}],"collection":[{"href":"https:\/\/studiokappa.it\/test\/wp-json\/wp\/v2\/pages"}],"about":[{"href":"https:\/\/studiokappa.it\/test\/wp-json\/wp\/v2\/types\/page"}],"author":[{"embeddable":true,"href":"https:\/\/studiokappa.it\/test\/wp-json\/wp\/v2\/users\/5"}],"replies":[{"embeddable":true,"href":"https:\/\/studiokappa.it\/test\/wp-json\/wp\/v2\/comments?post=20869"}],"version-history":[{"count":52,"href":"https:\/\/studiokappa.it\/test\/wp-json\/wp\/v2\/pages\/20869\/revisions"}],"predecessor-version":[{"id":23620,"href":"https:\/\/studiokappa.it\/test\/wp-json\/wp\/v2\/pages\/20869\/revisions\/23620"}],"wp:attachment":[{"href":"https:\/\/studiokappa.it\/test\/wp-json\/wp\/v2\/media?parent=20869"}],"curies":[{"name":"wp","href":"https:\/\/api.w.org\/{rel}","templated":true}]}}